{"id":42729,"date":"2024-12-13T10:32:53","date_gmt":"2024-12-13T10:32:53","guid":{"rendered":"https:\/\/www.pilgrim.pt\/o-traje-do-pregador\/"},"modified":"2025-02-12T20:32:47","modified_gmt":"2025-02-12T20:32:47","slug":"o-traje-do-pregador","status":"publish","type":"page","link":"https:\/\/www.pilgrim.pt\/pt-pt\/o-traje-do-pregador\/","title":{"rendered":"O traje do pregador"},"content":{"rendered":"\t\t<div data-elementor-type=\"wp-page\" data-elementor-id=\"42729\" class=\"elementor elementor-42729 elementor-42675\" data-elementor-post-type=\"page\">\n\t\t\t\t<div class=\"elementor-element elementor-element-6139457f e-flex e-con-boxed cmsmasters-bg-hide-none cmsmasters-bg-hide-none cmsmasters-block-default e-con e-parent\" data-id=\"6139457f\" data-element_type=\"container\" data-settings=\"{&quot;background_background&quot;:&quot;classic&quot;}\">\n\t\t\t\t\t<div class=\"e-con-inner\">\n\t\t\t\t<div class=\"elementor-element elementor-element-5af0a805 cmsmasters-block-default cmsmasters-sticky-default elementor-widget elementor-widget-heading\" data-id=\"5af0a805\" data-element_type=\"widget\" data-widget_type=\"heading.default\">\n\t\t\t\t<div class=\"elementor-widget-container\">\n\t\t\t\t\t<h1 class=\"elementor-heading-title elementor-size-default\">O traje do pregador<\/h1>\t\t\t\t<\/div>\n\t\t\t\t<\/div>\n\t\t\t\t\t<\/div>\n\t\t\t\t<\/div>\n\t\t<div class=\"elementor-element elementor-element-378f1e0 e-flex e-con-boxed cmsmasters-block-default e-con e-parent\" data-id=\"378f1e0\" data-element_type=\"container\">\n\t\t\t\t\t<div class=\"e-con-inner\">\n\t\t\t\t<div class=\"elementor-element elementor-element-2c6d479 cmsmasters-block-default cmsmasters-sticky-default elementor-widget elementor-widget-text-editor\" data-id=\"2c6d479\" data-element_type=\"widget\" data-widget_type=\"text-editor.default\">\n\t\t\t\t<div class=\"elementor-widget-container\">\n\t\t\t\t\t\t\t\t\t<h1 class=\"font-600 text-lg font-bold\">O traje do pregador: S\u00edmbolos de uma voca\u00e7\u00e3o sagrada<\/h1>\n<p class=\"whitespace-pre-wrap break-words\">Nos s\u00e9culos passados, era comum as pessoas usarem roupas que identificavam a sua ocupa\u00e7\u00e3o. Um ferreiro podia usar um avental de couro, um soldado um uniforme e um juiz uma toga. Da mesma forma, os pregadores t\u00eam historicamente usado trajes distintos para significar o seu papel e voca\u00e7\u00e3o. Estas vestes n\u00e3o se destinam a elevar o homem, mas a enfatizar o cargo que ocupa &#8211; um ministro dos or\u00e1culos de Deus, um embaixador de Cristo (2 Cor\u00edntios 5:20) e um estudioso das Sagradas Escrituras. Embora estas vestes n\u00e3o estejam prescritas nas Escrituras, servem como pr\u00e1ticas hist\u00f3ricas significativas que nos recordam a dignidade e a solenidade do minist\u00e9rio evang\u00e9lico.    <\/p>\n\t\t\t\t\t\t\t\t<\/div>\n\t\t\t\t<\/div>\n\t\t\t\t\t<\/div>\n\t\t\t\t<\/div>\n\t\t<div class=\"elementor-element elementor-element-108f40a e-flex e-con-boxed cmsmasters-block-default e-con e-parent\" data-id=\"108f40a\" data-element_type=\"container\">\n\t\t\t\t\t<div class=\"e-con-inner\">\n\t\t\t\t\t<\/div>\n\t\t\t\t<\/div>\n\t\t<div class=\"elementor-element elementor-element-5ff469a e-flex e-con-boxed cmsmasters-block-default e-con e-parent\" data-id=\"5ff469a\" data-element_type=\"container\">\n\t\t\t\t\t<div class=\"e-con-inner\">\n\t\t\t\t<div class=\"elementor-element elementor-element-038da1d cmsmasters-block-default cmsmasters-sticky-default elementor-widget elementor-widget-image\" data-id=\"038da1d\" data-element_type=\"widget\" data-widget_type=\"image.default\">\n\t\t\t\t<div class=\"elementor-widget-container\">\n\t\t\t\t\t\t\t\t\t\t\t\t\t\t\t<img fetchpriority=\"high\" decoding=\"async\" width=\"640\" height=\"640\" src=\"https:\/\/www.pilgrim.pt\/wp-content\/uploads\/2024\/12\/Pastor-Model-Medium-30x30.jpeg\" class=\"attachment-large size-large wp-image-42684 cmsmasters_img cmsmasters-lazyload lazyload\" alt=\"\" data-sizes=\"auto\" data-src=\"https:\/\/www.pilgrim.pt\/wp-content\/uploads\/2024\/12\/Pastor-Model-Medium.webp\" srcset=\"https:\/\/www.pilgrim.pt\/wp-content\/uploads\/2024\/12\/Pastor-Model-Medium-30x30.jpeg 30w, https:\/\/www.pilgrim.pt\/wp-content\/uploads\/2024\/12\/Pastor-Model-Medium-300x300.jpeg 300w, https:\/\/www.pilgrim.pt\/wp-content\/uploads\/2024\/12\/Pastor-Model-Medium-150x150.jpeg 150w, https:\/\/www.pilgrim.pt\/wp-content\/uploads\/2024\/12\/Pastor-Model-Medium-260x260.jpeg 260w, https:\/\/www.pilgrim.pt\/wp-content\/uploads\/2024\/12\/Pastor-Model-Medium-600x600.jpeg 600w, https:\/\/www.pilgrim.pt\/wp-content\/uploads\/2024\/12\/Pastor-Model-Medium-100x100.jpeg 100w, https:\/\/www.pilgrim.pt\/wp-content\/uploads\/2024\/12\/Pastor-Model-Medium-10x10.jpeg 10w, https:\/\/www.pilgrim.pt\/wp-content\/uploads\/2024\/12\/Pastor-Model-Medium.jpeg 640w\" sizes=\"(max-width: 640px) 100vw, 640px\" \/>\t\t\t\t\t\t\t\t\t\t\t\t\t\t\t<\/div>\n\t\t\t\t<\/div>\n\t\t\t\t<div class=\"elementor-element elementor-element-53ff322 elementor-widget__width-inherit cmsmasters-block-default cmsmasters-sticky-default elementor-widget elementor-widget-text-editor\" data-id=\"53ff322\" data-element_type=\"widget\" data-widget_type=\"text-editor.default\">\n\t\t\t\t<div class=\"elementor-widget-container\">\n\t\t\t\t\t\t\t\t\t<h2 class=\"font-600 text-base font-bold\">O homem debaixo do manto<\/h2>\n<p class=\"whitespace-pre-wrap break-words\">\u00c9 importante lembrar que, por baixo dessas vestes, o pregador est\u00e1 vestido com um traje comum de neg\u00f3cios. Isto sublinha a verdade de que os pregadores s\u00e3o homens comuns chamados a uma tarefa extraordin\u00e1ria. O seu vestu\u00e1rio vocacional n\u00e3o os torna mais santos do que os outros; serve simplesmente como um lembrete visual do seu of\u00edcio sagrado e da responsabilidade solene que lhes foi confiada.  <\/p>\n<p class=\"whitespace-pre-wrap break-words\">Este equil\u00edbrio entre o vestu\u00e1rio normal e as vestes cerimoniais reflecte um princ\u00edpio chave da Reforma: embora afirmemos o of\u00edcio especial de ministro, rejeitamos qualquer no\u00e7\u00e3o de uma classe sacerdotal separada. A autoridade do ministro n\u00e3o vem das suas vestes, mas do seu chamamento para proclamar fielmente a Palavra de Deus. Como os reformadores ensinaram, todos os crentes s\u00e3o sacerdotes diante de Deus (1 Pedro 2:9), mas Deus ordenou que alguns fossem separados para o minist\u00e9rio p\u00fablico da Palavra e dos sacramentos.  <\/p>\n\t\t\t\t\t\t\t\t<\/div>\n\t\t\t\t<\/div>\n\t\t\t\t\t<\/div>\n\t\t\t\t<\/div>\n\t\t<div class=\"elementor-element elementor-element-995c443 e-flex e-con-boxed cmsmasters-block-default e-con e-parent\" data-id=\"995c443\" data-element_type=\"container\">\n\t\t\t\t\t<div class=\"e-con-inner\">\n\t\t\t\t\t<\/div>\n\t\t\t\t<\/div>\n\t\t<div class=\"elementor-element elementor-element-2bf9b45 e-flex e-con-boxed cmsmasters-block-default e-con e-parent\" data-id=\"2bf9b45\" data-element_type=\"container\">\n\t\t\t\t\t<div class=\"e-con-inner\">\n\t\t\t\t<div class=\"elementor-element elementor-element-63180a9 cmsmasters-block-default cmsmasters-sticky-default elementor-widget elementor-widget-image\" data-id=\"63180a9\" data-element_type=\"widget\" data-widget_type=\"image.default\">\n\t\t\t\t<div class=\"elementor-widget-container\">\n\t\t\t\t\t\t\t\t\t\t\t\t\t\t\t<img decoding=\"async\" width=\"640\" height=\"640\" src=\"https:\/\/www.pilgrim.pt\/wp-content\/uploads\/2024\/12\/Clergy-Shirt-Medium-30x30.jpeg\" class=\"attachment-large size-large wp-image-42686 cmsmasters_img cmsmasters-lazyload lazyload\" alt=\"\" data-sizes=\"auto\" data-src=\"https:\/\/www.pilgrim.pt\/wp-content\/uploads\/2024\/12\/Clergy-Shirt-Medium.webp\" srcset=\"https:\/\/www.pilgrim.pt\/wp-content\/uploads\/2024\/12\/Clergy-Shirt-Medium-30x30.jpeg 30w, https:\/\/www.pilgrim.pt\/wp-content\/uploads\/2024\/12\/Clergy-Shirt-Medium-300x300.jpeg 300w, https:\/\/www.pilgrim.pt\/wp-content\/uploads\/2024\/12\/Clergy-Shirt-Medium-150x150.jpeg 150w, https:\/\/www.pilgrim.pt\/wp-content\/uploads\/2024\/12\/Clergy-Shirt-Medium-260x260.jpeg 260w, https:\/\/www.pilgrim.pt\/wp-content\/uploads\/2024\/12\/Clergy-Shirt-Medium-600x600.jpeg 600w, https:\/\/www.pilgrim.pt\/wp-content\/uploads\/2024\/12\/Clergy-Shirt-Medium-100x100.jpeg 100w, https:\/\/www.pilgrim.pt\/wp-content\/uploads\/2024\/12\/Clergy-Shirt-Medium-10x10.jpeg 10w, https:\/\/www.pilgrim.pt\/wp-content\/uploads\/2024\/12\/Clergy-Shirt-Medium.jpeg 640w\" sizes=\"(max-width: 640px) 100vw, 640px\" \/>\t\t\t\t\t\t\t\t\t\t\t\t\t\t\t<\/div>\n\t\t\t\t<\/div>\n\t\t\t\t<div class=\"elementor-element elementor-element-36cb8fd elementor-widget__width-inherit cmsmasters-block-default cmsmasters-sticky-default elementor-widget elementor-widget-text-editor\" data-id=\"36cb8fd\" data-element_type=\"widget\" data-widget_type=\"text-editor.default\">\n\t\t\t\t<div class=\"elementor-widget-container\">\n\t\t\t\t\t\t\t\t\t<h2 class=\"font-600 text-base font-bold\">A camisa do clero e o colarinho de banda<\/h2>\n<p class=\"whitespace-pre-wrap break-words\">A camisa do clero, tipicamente preta, serve como uma base simples e digna para o vestu\u00e1rio do pregador. O seu design sem adornos reflecte humildade e uma concentra\u00e7\u00e3o na mensagem e n\u00e3o no mensageiro. A gola de banda, frequentemente branca, \u00e9 uma carater\u00edstica distintiva da camisa do clero. Este estilo teve origem no vestu\u00e1rio clerical do s\u00e9culo XIX, com a sua simplicidade a simbolizar a separa\u00e7\u00e3o das modas mundanas e um compromisso com o servi\u00e7o sagrado. Este design pr\u00e1tico ajuda a minimizar as distrac\u00e7\u00f5es durante o culto, permitindo que a congrega\u00e7\u00e3o se concentre mais na Palavra que est\u00e1 a ser proclamada.    <\/p>\n<p>Apesar das concep\u00e7\u00f5es err\u00f3neas comuns, o colarinho clerical n\u00e3o \u00e9 uma inven\u00e7\u00e3o cat\u00f3lica romana, mas surgiu nos c\u00edrculos protestantes no s\u00e9culo XIX. A forma moderna foi desenvolvida pelo ministro presbiteriano Donald McLeod em 1865 e foi amplamente adoptada pelo clero protestante das tradi\u00e7\u00f5es anglicana, luterana, metodista e reformada. A sua popularidade cresceu como uma alternativa pr\u00e1tica \u00e0 roupa de pesco\u00e7o mais elaborada da \u00e9poca, incorporando os princ\u00edpios protestantes de simplicidade e mantendo a dignidade do cargo ministerial.  <\/p>\n\t\t\t\t\t\t\t\t<\/div>\n\t\t\t\t<\/div>\n\t\t\t\t\t<\/div>\n\t\t\t\t<\/div>\n\t\t<div class=\"elementor-element elementor-element-144a511 e-flex e-con-boxed cmsmasters-block-default e-con e-parent\" data-id=\"144a511\" data-element_type=\"container\">\n\t\t\t\t\t<div class=\"e-con-inner\">\n\t\t\t\t\t<\/div>\n\t\t\t\t<\/div>\n\t\t<div class=\"elementor-element elementor-element-df8729f e-flex e-con-boxed cmsmasters-block-default e-con e-parent\" data-id=\"df8729f\" data-element_type=\"container\">\n\t\t\t\t\t<div class=\"e-con-inner\">\n\t\t\t\t<div class=\"elementor-element elementor-element-c23b140 cmsmasters-block-default cmsmasters-sticky-default elementor-widget elementor-widget-image\" data-id=\"c23b140\" data-element_type=\"widget\" data-widget_type=\"image.default\">\n\t\t\t\t<div class=\"elementor-widget-container\">\n\t\t\t\t\t\t\t\t\t\t\t\t\t\t\t<img decoding=\"async\" width=\"640\" height=\"640\" src=\"https:\/\/www.pilgrim.pt\/wp-content\/uploads\/2024\/12\/Neckband-Tie-Medium-30x30.jpeg\" class=\"attachment-large size-large wp-image-42688 cmsmasters_img cmsmasters-lazyload lazyload\" alt=\"\" data-sizes=\"auto\" data-src=\"https:\/\/www.pilgrim.pt\/wp-content\/uploads\/2024\/12\/Neckband-Tie-Medium.webp\" srcset=\"https:\/\/www.pilgrim.pt\/wp-content\/uploads\/2024\/12\/Neckband-Tie-Medium-30x30.jpeg 30w, https:\/\/www.pilgrim.pt\/wp-content\/uploads\/2024\/12\/Neckband-Tie-Medium-300x300.jpeg 300w, https:\/\/www.pilgrim.pt\/wp-content\/uploads\/2024\/12\/Neckband-Tie-Medium-150x150.jpeg 150w, https:\/\/www.pilgrim.pt\/wp-content\/uploads\/2024\/12\/Neckband-Tie-Medium-260x260.jpeg 260w, https:\/\/www.pilgrim.pt\/wp-content\/uploads\/2024\/12\/Neckband-Tie-Medium-600x600.jpeg 600w, https:\/\/www.pilgrim.pt\/wp-content\/uploads\/2024\/12\/Neckband-Tie-Medium-100x100.jpeg 100w, https:\/\/www.pilgrim.pt\/wp-content\/uploads\/2024\/12\/Neckband-Tie-Medium-10x10.jpeg 10w, https:\/\/www.pilgrim.pt\/wp-content\/uploads\/2024\/12\/Neckband-Tie-Medium.jpeg 640w\" sizes=\"(max-width: 640px) 100vw, 640px\" \/>\t\t\t\t\t\t\t\t\t\t\t\t\t\t\t<\/div>\n\t\t\t\t<\/div>\n\t\t\t\t<div class=\"elementor-element elementor-element-e652205 elementor-widget__width-inherit cmsmasters-block-default cmsmasters-sticky-default elementor-widget elementor-widget-text-editor\" data-id=\"e652205\" data-element_type=\"widget\" data-widget_type=\"text-editor.default\">\n\t\t\t\t<div class=\"elementor-widget-container\">\n\t\t\t\t\t\t\t\t\t<h2 class=\"font-600 text-base font-bold\">Bandas de prega\u00e7\u00e3o (ou Tabs)<\/h2>\n<p class=\"whitespace-pre-wrap break-words\">As faixas de prega\u00e7\u00e3o, as duas tiras de tecido branco penduradas no colarinho, t\u00eam as suas ra\u00edzes no traje acad\u00e9mico do s\u00e9culo XVII. Eram originalmente usadas por acad\u00e9micos e professores para denotar o seu estatuto de eruditos. Para o pregador, estas faixas significam o estudo acad\u00e9mico das Escrituras e a forma\u00e7\u00e3o teol\u00f3gica que o equipa para dividir corretamente a palavra da verdade (2 Tim\u00f3teo 2:15). Servem como um lembrete vis\u00edvel de que o estudo cuidadoso e a prepara\u00e7\u00e3o s\u00e3o essenciais para o minist\u00e9rio da Palavra.   <\/p>\n\t\t\t\t\t\t\t\t<\/div>\n\t\t\t\t<\/div>\n\t\t\t\t\t<\/div>\n\t\t\t\t<\/div>\n\t\t<div class=\"elementor-element elementor-element-fd68ccb e-flex e-con-boxed cmsmasters-block-default e-con e-parent\" data-id=\"fd68ccb\" data-element_type=\"container\">\n\t\t\t\t\t<div class=\"e-con-inner\">\n\t\t\t\t\t<\/div>\n\t\t\t\t<\/div>\n\t\t<div class=\"elementor-element elementor-element-418eb3d e-flex e-con-boxed cmsmasters-block-default e-con e-parent\" data-id=\"418eb3d\" data-element_type=\"container\">\n\t\t\t\t\t<div class=\"e-con-inner\">\n\t\t\t\t<div class=\"elementor-element elementor-element-2fceb27 cmsmasters-block-default cmsmasters-sticky-default elementor-widget elementor-widget-image\" data-id=\"2fceb27\" data-element_type=\"widget\" data-widget_type=\"image.default\">\n\t\t\t\t<div class=\"elementor-widget-container\">\n\t\t\t\t\t\t\t\t\t\t\t\t\t\t\t<img loading=\"lazy\" decoding=\"async\" width=\"640\" height=\"640\" src=\"https:\/\/www.pilgrim.pt\/wp-content\/uploads\/2024\/12\/Geneva-Gown-Medium-30x30.jpeg\" class=\"attachment-large size-large wp-image-42690 cmsmasters_img cmsmasters-lazyload lazyload\" alt=\"\" data-sizes=\"auto\" data-src=\"https:\/\/www.pilgrim.pt\/wp-content\/uploads\/2024\/12\/Geneva-Gown-Medium.webp\" srcset=\"https:\/\/www.pilgrim.pt\/wp-content\/uploads\/2024\/12\/Geneva-Gown-Medium-30x30.jpeg 30w, https:\/\/www.pilgrim.pt\/wp-content\/uploads\/2024\/12\/Geneva-Gown-Medium-300x300.jpeg 300w, https:\/\/www.pilgrim.pt\/wp-content\/uploads\/2024\/12\/Geneva-Gown-Medium-150x150.jpeg 150w, https:\/\/www.pilgrim.pt\/wp-content\/uploads\/2024\/12\/Geneva-Gown-Medium-260x260.jpeg 260w, https:\/\/www.pilgrim.pt\/wp-content\/uploads\/2024\/12\/Geneva-Gown-Medium-600x600.jpeg 600w, https:\/\/www.pilgrim.pt\/wp-content\/uploads\/2024\/12\/Geneva-Gown-Medium-100x100.jpeg 100w, https:\/\/www.pilgrim.pt\/wp-content\/uploads\/2024\/12\/Geneva-Gown-Medium-10x10.jpeg 10w, https:\/\/www.pilgrim.pt\/wp-content\/uploads\/2024\/12\/Geneva-Gown-Medium.jpeg 640w\" sizes=\"(max-width: 640px) 100vw, 640px\" \/>\t\t\t\t\t\t\t\t\t\t\t\t\t\t\t<\/div>\n\t\t\t\t<\/div>\n\t\t\t\t<div class=\"elementor-element elementor-element-b8ea036 elementor-widget__width-inherit cmsmasters-block-default cmsmasters-sticky-default elementor-widget elementor-widget-text-editor\" data-id=\"b8ea036\" data-element_type=\"widget\" data-widget_type=\"text-editor.default\">\n\t\t\t\t<div class=\"elementor-widget-container\">\n\t\t\t\t\t\t\t\t\t<h2 class=\"font-600 text-base font-bold\">O vestido de Genebra<\/h2>\n<p class=\"whitespace-pre-wrap break-words\">A t\u00fanica de Genebra, uma t\u00fanica preta com mangas compridas, deve o seu nome \u00e0 cidade da Reforma de Genebra, onde Jo\u00e3o Calvino e os seus colegas a tornaram uma pe\u00e7a de vestu\u00e1rio normal para os ministros. Deriva das vestes acad\u00e9micas usadas pelos professores nas universidades medievais. Hoje em dia, continuamos a ver t\u00fanicas como esta usadas como parte do vestu\u00e1rio acad\u00e9mico, mais frequentemente durante as cerim\u00f3nias de abertura e gradua\u00e7\u00e3o. Ao usar a bata de Genebra, o pregador enfatiza que o seu papel n\u00e3o \u00e9 proclamar as suas pr\u00f3prias ideias, mas expor as Escrituras. Esta pr\u00e1tica varia entre as igrejas reformadas, com algumas a preferirem trajes mais simples, mas mantendo os mesmos princ\u00edpios de dignidade e foco na Palavra de Deus.    <\/p>\t\t\t\t\t\t\t\t<\/div>\n\t\t\t\t<\/div>\n\t\t\t\t\t<\/div>\n\t\t\t\t<\/div>\n\t\t<div class=\"elementor-element elementor-element-5624166 e-flex e-con-boxed cmsmasters-block-default e-con e-parent\" data-id=\"5624166\" data-element_type=\"container\">\n\t\t\t\t\t<div class=\"e-con-inner\">\n\t\t\t\t\t<\/div>\n\t\t\t\t<\/div>\n\t\t<div class=\"elementor-element elementor-element-7e2f80a e-flex e-con-boxed cmsmasters-block-default e-con e-parent\" data-id=\"7e2f80a\" data-element_type=\"container\">\n\t\t\t\t\t<div class=\"e-con-inner\">\n\t\t\t\t<div class=\"elementor-element elementor-element-76c3363 cmsmasters-block-default cmsmasters-sticky-default elementor-widget elementor-widget-image\" data-id=\"76c3363\" data-element_type=\"widget\" data-widget_type=\"image.default\">\n\t\t\t\t<div class=\"elementor-widget-container\">\n\t\t\t\t\t\t\t\t\t\t\t\t\t\t\t<img loading=\"lazy\" decoding=\"async\" width=\"640\" height=\"640\" src=\"https:\/\/www.pilgrim.pt\/wp-content\/uploads\/2024\/12\/Stoles-Medium-30x30.jpeg\" class=\"attachment-large size-large wp-image-42692 cmsmasters_img cmsmasters-lazyload lazyload\" alt=\"\" data-sizes=\"auto\" data-src=\"https:\/\/www.pilgrim.pt\/wp-content\/uploads\/2024\/12\/Stoles-Medium.webp\" srcset=\"https:\/\/www.pilgrim.pt\/wp-content\/uploads\/2024\/12\/Stoles-Medium-30x30.jpeg 30w, https:\/\/www.pilgrim.pt\/wp-content\/uploads\/2024\/12\/Stoles-Medium-300x300.jpeg 300w, https:\/\/www.pilgrim.pt\/wp-content\/uploads\/2024\/12\/Stoles-Medium-150x150.jpeg 150w, https:\/\/www.pilgrim.pt\/wp-content\/uploads\/2024\/12\/Stoles-Medium-260x260.jpeg 260w, https:\/\/www.pilgrim.pt\/wp-content\/uploads\/2024\/12\/Stoles-Medium-600x600.jpeg 600w, https:\/\/www.pilgrim.pt\/wp-content\/uploads\/2024\/12\/Stoles-Medium-100x100.jpeg 100w, https:\/\/www.pilgrim.pt\/wp-content\/uploads\/2024\/12\/Stoles-Medium-10x10.jpeg 10w, https:\/\/www.pilgrim.pt\/wp-content\/uploads\/2024\/12\/Stoles-Medium.jpeg 640w\" sizes=\"(max-width: 640px) 100vw, 640px\" \/>\t\t\t\t\t\t\t\t\t\t\t\t\t\t\t<\/div>\n\t\t\t\t<\/div>\n\t\t\t\t<div class=\"elementor-element elementor-element-9b3342e elementor-widget__width-inherit cmsmasters-block-default cmsmasters-sticky-default elementor-widget elementor-widget-text-editor\" data-id=\"9b3342e\" data-element_type=\"widget\" data-widget_type=\"text-editor.default\">\n\t\t\t\t<div class=\"elementor-widget-container\">\n\t\t\t\t\t\t\t\t\t<h2 class=\"font-600 text-base font-bold\">O roubo<\/h2>\n<p class=\"whitespace-pre-wrap break-words\">A estola, uma longa e estreita tira de pano usada sobre os ombros, \u00e9 um dos mais antigos s\u00edmbolos do minist\u00e9rio crist\u00e3o, que remonta \u00e0 Igreja primitiva. Representa o jugo de Cristo e a autoridade para proclamar o Evangelho e administrar os sacramentos. Embora seu uso varie entre as tradi\u00e7\u00f5es, nas igrejas reformadas, a estola \u00e9 frequentemente usada durante os cultos de adora\u00e7\u00e3o para significar o papel do pregador como servo do povo de Deus e ministro dos sacramentos. Algumas congrega\u00e7\u00f5es reformadas optam por n\u00e3o usar a estola, enfatizando a simplicidade enquanto mant\u00eam outros aspectos do vestu\u00e1rio ministerial tradicional.   <\/p>\t\t\t\t\t\t\t\t<\/div>\n\t\t\t\t<\/div>\n\t\t\t\t\t<\/div>\n\t\t\t\t<\/div>\n\t\t<div class=\"elementor-element elementor-element-0972653 e-flex e-con-boxed cmsmasters-block-default e-con e-parent\" data-id=\"0972653\" data-element_type=\"container\">\n\t\t\t\t\t<div class=\"e-con-inner\">\n\t\t\t\t<div class=\"elementor-element elementor-element-1bc1ca5 cmsmasters-block-default cmsmasters-sticky-default elementor-widget elementor-widget-text-editor\" data-id=\"1bc1ca5\" data-element_type=\"widget\" data-widget_type=\"text-editor.default\">\n\t\t\t\t<div class=\"elementor-widget-container\">\n\t\t\t\t\t\t\t\t\t<h2 class=\"font-600 text-base font-bold\">Evolu\u00e7\u00e3o hist\u00f3rica e tend\u00eancias contempor\u00e2neas<\/h2>\n<p class=\"whitespace-pre-wrap break-words\">O traje dos ministros protestantes sofreu mudan\u00e7as significativas desde a Reforma. Enquanto a toga de Genebra representou uma rutura decisiva em rela\u00e7\u00e3o \u00e0s elaboradas vestes cat\u00f3licas romanas, o s\u00e9culo XIX e o in\u00edcio do s\u00e9culo XX viram muitos ministros adoptarem o fato profissional de neg\u00f3cios como o seu traje padr\u00e3o. Esta mudan\u00e7a reflectiu tanto o papel do ministro como profissional culto na sociedade como a \u00eanfase protestante no sacerd\u00f3cio de todos os crentes.    <span style=\"text-align: var(--text-align); background-color: var(--cmsmasters-main-container-bg-color); color: var(--cmsmasters-colors-text); font-family: var(--cmsmasters-base-font-family); font-size: var(--cmsmasters-base-font-size); font-style: var(--cmsmasters-base-font-style); font-weight: var(--cmsmasters-base-font-weight); letter-spacing: var(--cmsmasters-base-letter-spacing); text-transform: var(--cmsmasters-base-text-transform); word-spacing: var(--cmsmasters-base-word-spacing);\">Nas \u00faltimas d\u00e9cadas, muitas igrejas t\u00eam vindo a adotar um vestu\u00e1rio ministerial cada vez mais informal, com alguns pastores a preferirem cal\u00e7as de ganga e camisas casuais. Esta tend\u00eancia tem muitas vezes como objetivo tornar a igreja mais acess\u00edvel e eliminar as barreiras entre o clero e a congrega\u00e7\u00e3o. <\/span><\/p>\n<h2 class=\"font-600 text-base font-bold\">Uma responsabilidade sagrada<\/h2>\n<p class=\"whitespace-pre-wrap break-words\">O traje do pregador reflecte a elevada voca\u00e7\u00e3o de proclamar a Palavra de Deus. Cada elemento &#8211; a camisa do clero, o colarinho de banda, as faixas de prega\u00e7\u00e3o, a bata de Genebra e a estola &#8211; tem uma origem hist\u00f3rica e um significado simb\u00f3lico que sublinha a seriedade da tarefa e a dignidade do of\u00edcio. Quando um pregador sobe ao p\u00falpito vestido com este traje, distingue-se visivelmente, n\u00e3o para se elevar, mas para concentrar a aten\u00e7\u00e3o da congrega\u00e7\u00e3o no Deus que fala atrav\u00e9s da Sua Palavra.  <\/p>\n<p class=\"whitespace-pre-wrap break-words\">Estas vestes servem tamb\u00e9m um prop\u00f3sito pr\u00e1tico, ajudando a minimizar as distrac\u00e7\u00f5es e a manter o foco na mensagem e n\u00e3o no mensageiro. Lembra ao pregador e \u00e0 congrega\u00e7\u00e3o que o minist\u00e9rio da Palavra n\u00e3o \u00e9 um empreendimento casual, mas uma confian\u00e7a sagrada que requer rever\u00eancia e aten\u00e7\u00e3o cuidadosa. <\/p>\n<p class=\"whitespace-pre-wrap break-words\">Em Igreja Internacional do Peregrino, honramos estas tradi\u00e7\u00f5es n\u00e3o como meras formalidades, mas como lembretes do pesado privil\u00e9gio de anunciar o Evangelho e pastorear o povo de Deus. Embora reconhe\u00e7amos que tais pr\u00e1ticas n\u00e3o s\u00e3o obrigat\u00f3rias para todas as igrejas, consideramo-las ajudas valiosas para manter a dignidade e o foco do culto, lembrando-nos sempre que a nossa autoridade m\u00e1xima n\u00e3o vem das tradi\u00e7\u00f5es humanas, mas da pr\u00f3pria Palavra de Deus. <\/p>\n\t\t\t\t\t\t\t\t<\/div>\n\t\t\t\t<\/div>\n\t\t\t\t\t<\/div>\n\t\t\t\t<\/div>\n\t\t<div class=\"elementor-element elementor-element-a115b63 e-flex e-con-boxed cmsmasters-block-default e-con e-parent\" data-id=\"a115b63\" data-element_type=\"container\">\n\t\t\t\t\t<div class=\"e-con-inner\">\n\t\t\t\t<div class=\"elementor-element elementor-element-3b7d308 elementor-cta--skin-cover elementor-animated-content elementor-bg-transform elementor-bg-transform-zoom-in cmsmasters-block-default cmsmasters-sticky-default elementor-widget elementor-widget-call-to-action\" data-id=\"3b7d308\" data-element_type=\"widget\" data-widget_type=\"call-to-action.default\">\n\t\t\t\t<div class=\"elementor-widget-container\">\n\t\t\t\t\t\t\t<div class=\"elementor-cta\">\n\t\t\t\t\t<div class=\"elementor-cta__bg-wrapper\">\n\t\t\t\t<div class=\"elementor-cta__bg elementor-bg\" style=\"background-image: url(https:\/\/www.pilgrim.pt\/wp-content\/uploads\/2024\/12\/pexels-matthew-tabone-2068425525-29707025-Medium.webp);\" role=\"img\" aria-label=\"pexels-matthew-tabone-2068425525-29707025 Medium\"><\/div>\n\t\t\t\t<div class=\"elementor-cta__bg-overlay\"><\/div>\n\t\t\t<\/div>\n\t\t\t\t\t\t\t<div class=\"elementor-cta__content\">\n\t\t\t\t\n\t\t\t\t\t\t\t\t\t<h2 class=\"elementor-cta__title elementor-cta__content-item elementor-content-item elementor-animated-item--grow\">\n\t\t\t\t\t\tEste \u00e9 o t\u00edtulo\t\t\t\t\t<\/h2>\n\t\t\t\t\n\t\t\t\t\n\t\t\t\t\t\t\t\t\t<div class=\"elementor-cta__button-wrapper elementor-cta__content-item elementor-content-item elementor-animated-item--grow\">\n\t\t\t\t\t<a class=\"elementor-cta__button elementor-button elementor-size-\" href=\"https:\/\/www.pilgrim.pt\/pt-pt\/participa\/\">\n\t\t\t\t\t\tJunta-te a n\u00f3s no domingo\t\t\t\t\t<\/a>\n\t\t\t\t\t<\/div>\n\t\t\t\t\t\t\t<\/div>\n\t\t\t\t\t\t<\/div>\n\t\t\t\t\t\t<\/div>\n\t\t\t\t<\/div>\n\t\t\t\t\t<\/div>\n\t\t\t\t<\/div>\n\t\t\t\t<\/div>\n\t\t","protected":false},"excerpt":{"rendered":"<p>O traje do pregador O traje do pregador: S\u00edmbolos de uma voca\u00e7\u00e3o sagrada Nos s\u00e9culos passados, era comum as pessoas usarem roupas que identificavam a sua ocupa\u00e7\u00e3o. Um ferreiro podia&#8230;<\/p>\n","protected":false},"author":1,"featured_media":42711,"parent":0,"menu_order":0,"comment_status":"closed","ping_status":"closed","template":"elementor_header_footer","meta":{"_acf_changed":false,"footnotes":""},"categories":[90],"tags":[86],"class_list":["post-42729","page","type-page","status-publish","has-post-thumbnail","hentry","category-artigo","tag-primeira-pagina"],"acf":[],"_links":{"self":[{"href":"https:\/\/www.pilgrim.pt\/pt-pt\/wp-json\/wp\/v2\/pages\/42729","targetHints":{"allow":["GET"]}}],"collection":[{"href":"https:\/\/www.pilgrim.pt\/pt-pt\/wp-json\/wp\/v2\/pages"}],"about":[{"href":"https:\/\/www.pilgrim.pt\/pt-pt\/wp-json\/wp\/v2\/types\/page"}],"author":[{"embeddable":true,"href":"https:\/\/www.pilgrim.pt\/pt-pt\/wp-json\/wp\/v2\/users\/1"}],"replies":[{"embeddable":true,"href":"https:\/\/www.pilgrim.pt\/pt-pt\/wp-json\/wp\/v2\/comments?post=42729"}],"version-history":[{"count":5,"href":"https:\/\/www.pilgrim.pt\/pt-pt\/wp-json\/wp\/v2\/pages\/42729\/revisions"}],"predecessor-version":[{"id":43035,"href":"https:\/\/www.pilgrim.pt\/pt-pt\/wp-json\/wp\/v2\/pages\/42729\/revisions\/43035"}],"wp:featuredmedia":[{"embeddable":true,"href":"https:\/\/www.pilgrim.pt\/pt-pt\/wp-json\/wp\/v2\/media\/42711"}],"wp:attachment":[{"href":"https:\/\/www.pilgrim.pt\/pt-pt\/wp-json\/wp\/v2\/media?parent=42729"}],"wp:term":[{"taxonomy":"category","embeddable":true,"href":"https:\/\/www.pilgrim.pt\/pt-pt\/wp-json\/wp\/v2\/categories?post=42729"},{"taxonomy":"post_tag","embeddable":true,"href":"https:\/\/www.pilgrim.pt\/pt-pt\/wp-json\/wp\/v2\/tags?post=42729"}],"curies":[{"name":"wp","href":"https:\/\/api.w.org\/{rel}","templated":true}]}}