{"id":42039,"date":"2024-12-07T13:33:40","date_gmt":"2024-12-07T13:33:40","guid":{"rendered":"https:\/\/www.pilgrim.pt\/o-nosso-pastor\/"},"modified":"2025-01-22T18:56:49","modified_gmt":"2025-01-22T18:56:49","slug":"o-nosso-pastor","status":"publish","type":"page","link":"https:\/\/www.pilgrim.pt\/pt-pt\/o-nosso-pastor\/","title":{"rendered":"O nosso pastor"},"content":{"rendered":"\t\t<div data-elementor-type=\"wp-page\" data-elementor-id=\"42039\" class=\"elementor elementor-42039 elementor-40753\" data-elementor-post-type=\"page\">\n\t\t\t\t<div class=\"elementor-element elementor-element-464e26d5 e-flex e-con-boxed cmsmasters-bg-hide-none cmsmasters-bg-hide-none cmsmasters-block-default e-con e-parent\" data-id=\"464e26d5\" data-element_type=\"container\" data-settings=\"{&quot;background_background&quot;:&quot;classic&quot;}\">\n\t\t\t\t\t<div class=\"e-con-inner\">\n\t\t\t\t<div class=\"elementor-element elementor-element-6fe633b8 cmsmasters-block-default cmsmasters-sticky-default elementor-widget elementor-widget-heading\" data-id=\"6fe633b8\" data-element_type=\"widget\" data-widget_type=\"heading.default\">\n\t\t\t\t<div class=\"elementor-widget-container\">\n\t\t\t\t\t<h1 class=\"elementor-heading-title elementor-size-default\">Pastor<\/h1>\t\t\t\t<\/div>\n\t\t\t\t<\/div>\n\t\t\t\t\t<\/div>\n\t\t\t\t<\/div>\n\t\t<div class=\"elementor-element elementor-element-86f64e4 e-flex e-con-boxed cmsmasters-block-default e-con e-parent\" data-id=\"86f64e4\" data-element_type=\"container\">\n\t\t\t\t\t<div class=\"e-con-inner\">\n\t\t\t\t<div class=\"elementor-element elementor-element-24a7c80 elementor-widget__width-initial elementor-widget-mobile__width-inherit cmsmasters-block-default cmsmasters-sticky-default elementor-widget elementor-widget-text-editor\" data-id=\"24a7c80\" data-element_type=\"widget\" data-widget_type=\"text-editor.default\">\n\t\t\t\t<div class=\"elementor-widget-container\">\n\t\t\t\t\t\t\t\t\t<h1>Conhece o nosso pastor<\/h1>\n<h2>O Rev. Phillip Dennis<\/h2>\n<p>O Rev. Phillip Dennis \u00e9 o pastor fundador da Igreja Internacional do Peregrino. Como ministro ordenado na Igreja Presbiteriana na Am\u00e9rica (PCA), est\u00e1 empenhado em pastorear o povo de Deus e trabalhar para levar o conhecimento do evangelho ao povo de Braga. <\/p>\n\t\t\t\t\t\t\t\t<\/div>\n\t\t\t\t<\/div>\n\t\t\t\t<div class=\"elementor-element elementor-element-1401b82 cmsmasters-block-default cmsmasters-sticky-default elementor-widget elementor-widget-image\" data-id=\"1401b82\" data-element_type=\"widget\" data-widget_type=\"image.default\">\n\t\t\t\t<div class=\"elementor-widget-container\">\n\t\t\t\t\t\t\t\t\t\t\t\t\t\t\t<img fetchpriority=\"high\" decoding=\"async\" width=\"640\" height=\"539\" src=\"https:\/\/www.pilgrim.pt\/wp-content\/uploads\/2025\/01\/Rev-Phillip-Dennis-Headshot-2024-Medium-30x30.jpeg\" class=\"attachment-large size-large wp-image-42889 cmsmasters_img cmsmasters-lazyload lazyload\" alt=\"\" data-sizes=\"auto\" data-src=\"https:\/\/www.pilgrim.pt\/wp-content\/uploads\/2025\/01\/Rev-Phillip-Dennis-Headshot-2024-Medium.webp\" srcset=\"https:\/\/www.pilgrim.pt\/wp-content\/uploads\/2025\/01\/Rev-Phillip-Dennis-Headshot-2024-Medium-300x253.jpeg 300w, https:\/\/www.pilgrim.pt\/wp-content\/uploads\/2025\/01\/Rev-Phillip-Dennis-Headshot-2024-Medium-356x300.jpeg 356w, https:\/\/www.pilgrim.pt\/wp-content\/uploads\/2025\/01\/Rev-Phillip-Dennis-Headshot-2024-Medium-600x505.jpeg 600w, https:\/\/www.pilgrim.pt\/wp-content\/uploads\/2025\/01\/Rev-Phillip-Dennis-Headshot-2024-Medium-30x25.jpeg 30w, https:\/\/www.pilgrim.pt\/wp-content\/uploads\/2025\/01\/Rev-Phillip-Dennis-Headshot-2024-Medium-12x10.jpeg 12w, https:\/\/www.pilgrim.pt\/wp-content\/uploads\/2025\/01\/Rev-Phillip-Dennis-Headshot-2024-Medium.jpeg 640w\" sizes=\"(max-width: 640px) 100vw, 640px\" \/>\t\t\t\t\t\t\t\t\t\t\t\t\t\t\t<\/div>\n\t\t\t\t<\/div>\n\t\t\t\t\t<\/div>\n\t\t\t\t<\/div>\n\t\t<div class=\"elementor-element elementor-element-c146d52 e-flex e-con-boxed cmsmasters-block-default e-con e-parent\" data-id=\"c146d52\" data-element_type=\"container\">\n\t\t\t\t\t<div class=\"e-con-inner\">\n\t\t\t\t<div class=\"elementor-element elementor-element-55fd95b elementor-widget-mobile__width-inherit elementor-widget__width-inherit cmsmasters-block-default cmsmasters-sticky-default elementor-widget elementor-widget-text-editor\" data-id=\"55fd95b\" data-element_type=\"widget\" data-widget_type=\"text-editor.default\">\n\t\t\t\t<div class=\"elementor-widget-container\">\n\t\t\t\t\t\t\t\t\t<h2 class=\"font-600 text-xl font-bold\">O papel do pastor<\/h2>\n<p class=\"whitespace-pre-wrap break-words\">Em Igreja Internacional do Peregrino, acreditamos que a principal voca\u00e7\u00e3o do pastor \u00e9 cuidar da congrega\u00e7\u00e3o como um pastor cuida do seu rebanho. Este papel vital inclui: <\/p>\n<ul>\n<li><strong>Ensino e Prega\u00e7\u00e3o<\/strong>: O Pastor Phillip est\u00e1 empenhado no ensino cuidadoso e sistem\u00e1tico da Palavra de Deus, tornando as suas verdades intemporais acess\u00edveis tanto aos rec\u00e9m-chegados como aos crentes maduros<\/li>\n<li><strong>Dirigir a Adora\u00e7\u00e3o<\/strong>: Orienta a nossa congrega\u00e7\u00e3o na adora\u00e7\u00e3o reverencial significativa do Deus tri\u00fano<\/li>\n<li><strong>Cuidados pastorais<\/strong>: Fornecer orienta\u00e7\u00e3o espiritual, aconselhamento e apoio<\/li>\n<li><strong>Preparar os santos<\/strong>: Treinar e incentivar cada membro a descobrir e usar os seus dons espirituais ao servi\u00e7o de Deus e dos outros<\/li>\n<\/ul>\n<p class=\"whitespace-pre-wrap break-words\">O estilo de prega\u00e7\u00e3o do Pastor Phillip enfatiza a exposi\u00e7\u00e3o cuidadosa das Escrituras, ao mesmo tempo que extrai aplica\u00e7\u00f5es pr\u00e1ticas para a vida quotidiana. Congratula-se por se encontrar com os congregantes e pode ser contactado atrav\u00e9s do escrit\u00f3rio da nossa igreja para aconselhamento pastoral ou conversa. <\/p>\n<h2>Antecedentes e experi\u00eancia<\/h2>\n<p>O Pastor Phillip traz uma mistura \u00fanica de experi\u00eancias para o seu minist\u00e9rio:<\/p>\n<ul>\n<li><strong>Forma\u00e7\u00e3o acad\u00e9mica<\/strong>: Possui diplomas em Economia (B.A., California State), Teologia Exeg\u00e9tica (M.A., Covenant Seminary) e Teologia B\u00edblica (M.Phil., Fordham University), combinando profundidade acad\u00e9mica com sabedoria pr\u00e1tica<\/li>\n<li><strong>Minist\u00e9rio transcultural<\/strong>: Os seus anos a viver em cidades como Los Angeles, Nova Iorque e Miami, bem como na Rep\u00fablica Dominicana, moldaram a sua abordagem ao minist\u00e9rio internacional<\/li>\n<li><strong>Fala outras l\u00ednguas<\/strong>: Fluente em ingl\u00eas e espanhol, e aprende ativamente portugu\u00eas para melhor servir a nossa comunidade diversificada<\/li>\n<li><strong>Experi\u00eancia profissional<\/strong>: Experi\u00eancia em lideran\u00e7a empresarial que informa a sua abordagem pr\u00e1tica ao minist\u00e9rio<\/li>\n<\/ul>\n<h2>Fam\u00edlia e vida pessoal<\/h2>\n<p>O Pastor Phillip partilha a vida e o minist\u00e9rio com a sua esposa, Allison, e as suas tr\u00eas filhas. Juntos, gostam de explorar a rica hist\u00f3ria e cultura de Portugal. O seu amor pela m\u00fasica cl\u00e1ssica, \u00f3pera e estudos filos\u00f3ficos enriquece o seu minist\u00e9rio e ensino.  <\/p>\n<h2>Vis\u00e3o para Braga<\/h2>\n<p>A vis\u00e3o do Pastor Phillip estende-se para al\u00e9m das paredes da nossa igreja. \u00c9 apaixonado por ver Braga e Portugal florescer espiritual e culturalmente. Isto inclui:  <\/p>\n<ul>\n<li>Construir pontes com a comunidade local<\/li>\n<li>Promover um di\u00e1logo significativo com a Igreja Cat\u00f3lica Romana<\/li>\n<li>Contribui para a vitalidade espiritual e cultural de Braga<\/li>\n<li>Criar um espa\u00e7o de acolhimento para residentes e visitantes internacionais<\/li>\n<\/ul>\n<h2>Liga-te ao Pastor Phillip<\/h2>\n<p>Para marcar uma reuni\u00e3o ou saber mais sobre a nossa igreja:<\/p>\n<ul>\n<li>Correio eletr\u00f3nico: phillip@pilgrim.pt<\/li>\n<li>Encontra-te: Dispon\u00edvel para falar por WhatsApp ou para nos encontrarmos pessoalmente &#8211; basta pedires!<\/li>\n<li>Comunh\u00e3o Dominical: Junta-te a n\u00f3s depois do culto para conheceres o Pastor Phillip e a nossa fam\u00edlia da igreja<\/li>\n<\/ul>\n\t\t\t\t\t\t\t\t<\/div>\n\t\t\t\t<\/div>\n\t\t\t\t\t<\/div>\n\t\t\t\t<\/div>\n\t\t<div class=\"elementor-element elementor-element-0ce67cc e-flex e-con-boxed cmsmasters-block-default e-con e-parent\" data-id=\"0ce67cc\" data-element_type=\"container\">\n\t\t\t\t\t<div class=\"e-con-inner\">\n\t\t\t\t<div class=\"elementor-element elementor-element-1155962 elementor-cta--skin-cover elementor-animated-content elementor-bg-transform elementor-bg-transform-zoom-in cmsmasters-block-default cmsmasters-sticky-default elementor-widget elementor-widget-call-to-action\" data-id=\"1155962\" data-element_type=\"widget\" data-widget_type=\"call-to-action.default\">\n\t\t\t\t<div class=\"elementor-widget-container\">\n\t\t\t\t\t\t\t<div class=\"elementor-cta\">\n\t\t\t\t\t<div class=\"elementor-cta__bg-wrapper\">\n\t\t\t\t<div class=\"elementor-cta__bg elementor-bg\" style=\"background-image: url(https:\/\/www.pilgrim.pt\/wp-content\/uploads\/2024\/12\/pexels-sonny-vermeer-505472791-19127311-Medium.webp);\" role=\"img\" aria-label=\"pexels-sonny-vermeer-505472791-19127311 Medium\"><\/div>\n\t\t\t\t<div class=\"elementor-cta__bg-overlay\"><\/div>\n\t\t\t<\/div>\n\t\t\t\t\t\t\t<div class=\"elementor-cta__content\">\n\t\t\t\t\n\t\t\t\t\t\t\t\t\t<h2 class=\"elementor-cta__title elementor-cta__content-item elementor-content-item elementor-animated-item--grow\">\n\t\t\t\t\t\tPrecisas de falar com um pastor?\t\t\t\t\t<\/h2>\n\t\t\t\t\n\t\t\t\t\n\t\t\t\t\t\t\t\t\t<div class=\"elementor-cta__button-wrapper elementor-cta__content-item elementor-content-item elementor-animated-item--grow\">\n\t\t\t\t\t<a class=\"elementor-cta__button elementor-button elementor-size-\" href=\"https:\/\/www.pilgrim.pt\/pt-pt\/participa\/\">\n\t\t\t\t\t\tContacta o Pastor Phillip\t\t\t\t\t<\/a>\n\t\t\t\t\t<\/div>\n\t\t\t\t\t\t\t<\/div>\n\t\t\t\t\t\t<\/div>\n\t\t\t\t\t\t<\/div>\n\t\t\t\t<\/div>\n\t\t\t\t\t<\/div>\n\t\t\t\t<\/div>\n\t\t\t\t<\/div>\n\t\t","protected":false},"excerpt":{"rendered":"<p>Pastor Conhece o nosso pastor O Rev. Phillip Dennis O Rev. Phillip Dennis \u00e9 o pastor fundador da Igreja Internacional do Peregrino. Como ministro ordenado na Igreja Presbiteriana na Am\u00e9rica&#8230;<\/p>\n","protected":false},"author":1,"featured_media":0,"parent":0,"menu_order":0,"comment_status":"closed","ping_status":"closed","template":"","meta":{"_acf_changed":false,"footnotes":""},"categories":[],"tags":[],"class_list":["post-42039","page","type-page","status-publish","hentry"],"acf":[],"_links":{"self":[{"href":"https:\/\/www.pilgrim.pt\/pt-pt\/wp-json\/wp\/v2\/pages\/42039","targetHints":{"allow":["GET"]}}],"collection":[{"href":"https:\/\/www.pilgrim.pt\/pt-pt\/wp-json\/wp\/v2\/pages"}],"about":[{"href":"https:\/\/www.pilgrim.pt\/pt-pt\/wp-json\/wp\/v2\/types\/page"}],"author":[{"embeddable":true,"href":"https:\/\/www.pilgrim.pt\/pt-pt\/wp-json\/wp\/v2\/users\/1"}],"replies":[{"embeddable":true,"href":"https:\/\/www.pilgrim.pt\/pt-pt\/wp-json\/wp\/v2\/comments?post=42039"}],"version-history":[{"count":17,"href":"https:\/\/www.pilgrim.pt\/pt-pt\/wp-json\/wp\/v2\/pages\/42039\/revisions"}],"predecessor-version":[{"id":42988,"href":"https:\/\/www.pilgrim.pt\/pt-pt\/wp-json\/wp\/v2\/pages\/42039\/revisions\/42988"}],"wp:attachment":[{"href":"https:\/\/www.pilgrim.pt\/pt-pt\/wp-json\/wp\/v2\/media?parent=42039"}],"wp:term":[{"taxonomy":"category","embeddable":true,"href":"https:\/\/www.pilgrim.pt\/pt-pt\/wp-json\/wp\/v2\/categories?post=42039"},{"taxonomy":"post_tag","embeddable":true,"href":"https:\/\/www.pilgrim.pt\/pt-pt\/wp-json\/wp\/v2\/tags?post=42039"}],"curies":[{"name":"wp","href":"https:\/\/api.w.org\/{rel}","templated":true}]}}