{"id":42037,"date":"2024-12-07T11:53:56","date_gmt":"2024-12-07T11:53:56","guid":{"rendered":"https:\/\/www.pilgrim.pt\/reforma\/"},"modified":"2024-12-13T12:33:52","modified_gmt":"2024-12-13T12:33:52","slug":"reforma","status":"publish","type":"page","link":"https:\/\/www.pilgrim.pt\/pt-pt\/reforma\/","title":{"rendered":"Reforma"},"content":{"rendered":"\t\t<div data-elementor-type=\"wp-page\" data-elementor-id=\"42037\" class=\"elementor elementor-42037 elementor-40738\" data-elementor-post-type=\"page\">\n\t\t\t\t<div class=\"elementor-element elementor-element-22e08b1e e-flex e-con-boxed cmsmasters-bg-hide-none cmsmasters-bg-hide-none cmsmasters-block-default e-con e-parent\" data-id=\"22e08b1e\" data-element_type=\"container\" data-settings=\"{&quot;background_background&quot;:&quot;classic&quot;}\">\n\t\t\t\t\t<div class=\"e-con-inner\">\n\t\t\t\t<div class=\"elementor-element elementor-element-634c08ac cmsmasters-block-default cmsmasters-sticky-default elementor-widget elementor-widget-heading\" data-id=\"634c08ac\" data-element_type=\"widget\" data-widget_type=\"heading.default\">\n\t\t\t\t<div class=\"elementor-widget-container\">\n\t\t\t\t\t<h1 class=\"elementor-heading-title elementor-size-default\">Compreender a Reforma<\/h1>\t\t\t\t<\/div>\n\t\t\t\t<\/div>\n\t\t\t\t\t<\/div>\n\t\t\t\t<\/div>\n\t\t<div class=\"elementor-element elementor-element-e3c2a48 e-flex e-con-boxed cmsmasters-block-default e-con e-parent\" data-id=\"e3c2a48\" data-element_type=\"container\">\n\t\t\t\t\t<div class=\"e-con-inner\">\n\t\t\t\t<div class=\"elementor-element elementor-element-09f224d elementor-widget-mobile__width-inherit cmsmasters-block-default cmsmasters-sticky-default elementor-widget elementor-widget-text-editor\" data-id=\"09f224d\" data-element_type=\"widget\" data-widget_type=\"text-editor.default\">\n\t\t\t\t<div class=\"elementor-widget-container\">\n\t\t\t\t\t\t\t\t\t<h3>A nossa heran\u00e7a reformada em Igreja Internacional do Peregrino<\/h3>\n<p><em>Semper Reformanda &#8211; Ser\u00e1s sempre reformado<\/em><\/p>\n<p>Em Igreja Internacional do Peregrino, a nossa identidade est\u00e1 profundamente enraizada no legado da Reforma, um movimento que procurou renovar e reformar a Igreja, aproximando-a dos ensinamentos das Escrituras e da simplicidade do evangelho. Este esp\u00edrito de renova\u00e7\u00e3o continua a guiar e a moldar o nosso culto, as nossas cren\u00e7as e a nossa comunidade hoje em dia, lembrando-nos que a Igreja est\u00e1 sempre a ser reformada pela Palavra de Deus. <\/p>\n\t\t\t\t\t\t\t\t<\/div>\n\t\t\t\t<\/div>\n\t\t\t\t\t<\/div>\n\t\t\t\t<\/div>\n\t\t<div class=\"elementor-element elementor-element-e592d2e e-flex e-con-boxed cmsmasters-block-default e-con e-parent\" data-id=\"e592d2e\" data-element_type=\"container\">\n\t\t\t\t\t<div class=\"e-con-inner\">\n\t\t<div class=\"elementor-element elementor-element-b1a50d2 e-con-full e-flex cmsmasters-block-default e-con e-child\" data-id=\"b1a50d2\" data-element_type=\"container\">\n\t\t\t\t<div class=\"elementor-element elementor-element-24035d6 elementor-widget__width-initial elementor-widget-mobile__width-inherit cmsmasters-block-default cmsmasters-sticky-default elementor-widget elementor-widget-text-editor\" data-id=\"24035d6\" data-element_type=\"widget\" data-widget_type=\"text-editor.default\">\n\t\t\t\t<div class=\"elementor-widget-container\">\n\t\t\t\t\t\t\t\t\t<h3>Contexto hist\u00f3rico<\/h3>\n<p class=\"whitespace-pre-wrap break-words\">A Reforma Protestante come\u00e7ou oficialmente a 31 de outubro de 1517, quando Martinho Lutero pregou as suas 95 Teses na porta da Igreja do Castelo de Wittenberg. Este per\u00edodo marcou uma \u00e9poca de grandes mudan\u00e7as e convuls\u00f5es na Europa. A inven\u00e7\u00e3o da imprensa tornou a B\u00edblia mais acess\u00edvel, a alfabetiza\u00e7\u00e3o estava a aumentar e as pessoas come\u00e7avam a questionar tradi\u00e7\u00f5es de longa data \u00e0 luz das Escrituras.  <\/p>\n<p class=\"whitespace-pre-wrap break-words\">No centro da Reforma estava o desejo de renovar a Igreja e alinhar as suas pr\u00e1ticas e ensinamentos com a B\u00edblia. Este movimento desencadeou tanto a reforma da Igreja Cat\u00f3lica Romana (conhecida como Contra-Reforma ou Reforma Cat\u00f3lica) como o aparecimento de igrejas protestantes. A Contra-Reforma levou a reformas significativas na Igreja Cat\u00f3lica Romana, demonstrando que o desejo de renova\u00e7\u00e3o tocava todas as partes da f\u00e9 crist\u00e3, mas tamb\u00e9m provocou uma forte rea\u00e7\u00e3o da Igreja Cat\u00f3lica Romana contra os princ\u00edpios fundamentais da Reforma. Esta rea\u00e7\u00e3o \u00e9 a causa direta da rutura entre a Igreja Cat\u00f3lica Romana e a Igreja Protestante que existe atualmente.   <\/p>\n<p class=\"whitespace-pre-wrap break-words\">O movimento protestante para a reforma n\u00e3o se tratava de romper, mas de regressar ao cerne da f\u00e9, assegurando que as pr\u00e1ticas e os ensinamentos da Igreja estavam em harmonia com a Palavra de Deus. Era, e continua a ser, um apelo ao crescimento cont\u00ednuo e a uma maior fidelidade. <\/p>\n\t\t\t\t\t\t\t\t<\/div>\n\t\t\t\t<\/div>\n\t\t\t\t<div class=\"elementor-element elementor-element-54cdf45 elementor-widget-mobile__width-inherit cmsmasters-block-default cmsmasters-sticky-default elementor-widget elementor-widget-image\" data-id=\"54cdf45\" data-element_type=\"widget\" data-widget_type=\"image.default\">\n\t\t\t\t<div class=\"elementor-widget-container\">\n\t\t\t\t\t\t\t\t\t\t\t\t\t\t\t<img fetchpriority=\"high\" decoding=\"async\" width=\"1024\" height=\"683\" src=\"https:\/\/www.pilgrim.pt\/wp-content\/uploads\/2024\/12\/Church-Interior-Large-30x30.jpeg\" class=\"attachment-large size-large wp-image-41992 cmsmasters_img cmsmasters-lazyload lazyload\" alt=\"\" data-sizes=\"(max-width: 1024px) 100vw, 1024px\" data-src=\"https:\/\/www.pilgrim.pt\/wp-content\/uploads\/2024\/12\/Church-Interior-Large-1024x683.jpeg\" data-srcset=\"https:\/\/www.pilgrim.pt\/wp-content\/uploads\/2024\/12\/Church-Interior-Large-1024x683.jpeg 1024w, https:\/\/www.pilgrim.pt\/wp-content\/uploads\/2024\/12\/Church-Interior-Large-300x200.jpeg 300w, https:\/\/www.pilgrim.pt\/wp-content\/uploads\/2024\/12\/Church-Interior-Large-768x512.jpeg 768w, https:\/\/www.pilgrim.pt\/wp-content\/uploads\/2024\/12\/Church-Interior-Large-450x300.jpeg 450w, https:\/\/www.pilgrim.pt\/wp-content\/uploads\/2024\/12\/Church-Interior-Large-600x400.jpeg 600w, https:\/\/www.pilgrim.pt\/wp-content\/uploads\/2024\/12\/Church-Interior-Large-30x20.jpeg 30w, https:\/\/www.pilgrim.pt\/wp-content\/uploads\/2024\/12\/Church-Interior-Large-15x10.jpeg 15w, https:\/\/www.pilgrim.pt\/wp-content\/uploads\/2024\/12\/Church-Interior-Large.jpeg 1280w\" srcset=\"https:\/\/www.pilgrim.pt\/wp-content\/uploads\/2024\/12\/Church-Interior-Large-300x200.jpeg 300w, https:\/\/www.pilgrim.pt\/wp-content\/uploads\/2024\/12\/Church-Interior-Large-1024x683.jpeg 1024w, https:\/\/www.pilgrim.pt\/wp-content\/uploads\/2024\/12\/Church-Interior-Large-768x512.jpeg 768w, https:\/\/www.pilgrim.pt\/wp-content\/uploads\/2024\/12\/Church-Interior-Large-450x300.jpeg 450w, https:\/\/www.pilgrim.pt\/wp-content\/uploads\/2024\/12\/Church-Interior-Large-600x400.jpeg 600w, https:\/\/www.pilgrim.pt\/wp-content\/uploads\/2024\/12\/Church-Interior-Large-30x20.jpeg 30w, https:\/\/www.pilgrim.pt\/wp-content\/uploads\/2024\/12\/Church-Interior-Large-15x10.jpeg 15w, https:\/\/www.pilgrim.pt\/wp-content\/uploads\/2024\/12\/Church-Interior-Large.jpeg 1280w\" sizes=\"(max-width: 1024px) 100vw, 1024px\" \/>\t\t\t\t\t\t\t\t\t\t\t\t\t\t\t<\/div>\n\t\t\t\t<\/div>\n\t\t\t\t<\/div>\n\t\t\t\t<div class=\"elementor-element elementor-element-ee9fd25 elementor-widget-mobile__width-inherit cmsmasters-block-default cmsmasters-sticky-default elementor-widget elementor-widget-text-editor\" data-id=\"ee9fd25\" data-element_type=\"widget\" data-widget_type=\"text-editor.default\">\n\t\t\t\t<div class=\"elementor-widget-container\">\n\t\t\t\t\t\t\t\t\t<h3>Os Cinco Solas<\/h3>\n<p>A Reforma \u00e9 frequentemente resumida em cinco princ\u00edpios fundamentais, conhecidos como os Cinco Solas:<\/p>\n<ol>\n<li><strong>Sola Scriptura (Somente a Escritura):<\/strong> A B\u00edblia \u00e9 a autoridade m\u00e1xima para a f\u00e9 e a vida, a nossa norma para toda a doutrina e pr\u00e1tica. Na Pilgrim, isto significa que baseamos todo o nosso ensino num estudo b\u00edblico cuidadoso e encorajamos todos os membros a lerem e compreenderem as Escrituras por si pr\u00f3prios.<\/li>\n<li><strong>Sola Fide (S\u00f3 a F\u00e9): <\/strong>A salva\u00e7\u00e3o \u00e9 atrav\u00e9s da f\u00e9 em Jesus Cristo, n\u00e3o atrav\u00e9s dos nossos pr\u00f3prios esfor\u00e7os ou m\u00e9ritos. A nossa igreja d\u00e1 \u00eanfase a isto atrav\u00e9s da prega\u00e7\u00e3o regular do evangelho e da rejei\u00e7\u00e3o de qualquer no\u00e7\u00e3o de que podemos ganhar o favor de Deus atrav\u00e9s de boas obras.<\/li>\n<li><strong>Sola Gratia (S\u00f3 a Gra\u00e7a):<\/strong> A salva\u00e7\u00e3o \u00e9 um dom da gra\u00e7a de Deus e n\u00e3o algo que possamos merecer. Esta verdade molda a nossa comunidade como uma comunidade marcada pela gratid\u00e3o para com Deus e pela gra\u00e7a uns para com os outros. <\/li>\n<li><strong>Solus Christus (S\u00f3 Cristo):<\/strong> Jesus Cristo \u00e9 o \u00fanico mediador entre Deus e a humanidade, e s\u00f3 n&#8217;Ele se encontra a salva\u00e7\u00e3o. Jesus Cristo \u00e9 o \u00fanico mediador entre Deus e a humanidade, e a salva\u00e7\u00e3o encontra-se apenas n&#8217;Ele. O nosso culto e ensino centram-se em Cristo e na Sua obra. <\/li>\n<li><strong>Soli Deo Gloria (S\u00f3 para a gl\u00f3ria de Deus):<\/strong> Tudo o que fazes \u00e9 para a gl\u00f3ria de Deus. Este princ\u00edpio orienta a nossa abordagem ao trabalho, \u00e0 vida familiar e ao servi\u00e7o comunit\u00e1rio.<\/li>\n<\/ol>\n<p>Estes princ\u00edpios n\u00e3o eram novas inven\u00e7\u00f5es, mas um regresso aos ensinamentos de Jesus e dos ap\u00f3stolos que sempre estiveram no centro da f\u00e9 crist\u00e3. Servem para recordar que a renova\u00e7\u00e3o \u00e9 um processo cont\u00ednuo, que chama a Igreja e os seus membros a um alinhamento constante com a vontade de Deus. <\/p>\n\t\t\t\t\t\t\t\t<\/div>\n\t\t\t\t<\/div>\n\t\t<div class=\"elementor-element elementor-element-f4b5325 e-con-full e-flex cmsmasters-block-default e-con e-child\" data-id=\"f4b5325\" data-element_type=\"container\">\n\t\t\t\t<div class=\"elementor-element elementor-element-517701b elementor-widget-mobile__width-inherit cmsmasters-block-default cmsmasters-sticky-default elementor-widget elementor-widget-text-editor\" data-id=\"517701b\" data-element_type=\"widget\" data-widget_type=\"text-editor.default\">\n\t\t\t\t<div class=\"elementor-widget-container\">\n\t\t\t\t\t\t\t\t\t<h3>Figuras Principais da Reforma<\/h3>\n<p>Durante a Reforma, surgiram v\u00e1rios l\u00edderes importantes, cada um dos quais contribuiu para a renova\u00e7\u00e3o da Igreja de uma forma \u00fanica:<\/p>\n\t\t\t\t\t\t\t\t<\/div>\n\t\t\t\t<\/div>\n\t\t\t\t<\/div>\n\t\t<div class=\"elementor-element elementor-element-ca847de e-grid e-con-full cmsmasters-block-default e-con e-child\" data-id=\"ca847de\" data-element_type=\"container\">\n\t\t\t\t<div class=\"elementor-element elementor-element-51671ca elementor-widget-mobile__width-inherit cmsmasters-block-default cmsmasters-sticky-default elementor-widget elementor-widget-image\" data-id=\"51671ca\" data-element_type=\"widget\" data-widget_type=\"image.default\">\n\t\t\t\t<div class=\"elementor-widget-container\">\n\t\t\t\t\t\t\t\t\t\t\t\t\t\t\t<img decoding=\"async\" width=\"300\" height=\"300\" src=\"https:\/\/www.pilgrim.pt\/wp-content\/uploads\/2024\/12\/Martin-Luther-Medium-30x30.jpeg\" class=\"attachment-medium size-medium wp-image-41987 cmsmasters_img cmsmasters-lazyload lazyload\" alt=\"\" data-sizes=\"(max-width: 300px) 100vw, 300px\" data-src=\"https:\/\/www.pilgrim.pt\/wp-content\/uploads\/2024\/12\/Martin-Luther-Medium-300x300.jpeg\" data-srcset=\"https:\/\/www.pilgrim.pt\/wp-content\/uploads\/2024\/12\/Martin-Luther-Medium-300x300.jpeg 300w, https:\/\/www.pilgrim.pt\/wp-content\/uploads\/2024\/12\/Martin-Luther-Medium-150x150.jpeg 150w, https:\/\/www.pilgrim.pt\/wp-content\/uploads\/2024\/12\/Martin-Luther-Medium-260x260.jpeg 260w, https:\/\/www.pilgrim.pt\/wp-content\/uploads\/2024\/12\/Martin-Luther-Medium-600x600.jpeg 600w, https:\/\/www.pilgrim.pt\/wp-content\/uploads\/2024\/12\/Martin-Luther-Medium-100x100.jpeg 100w, https:\/\/www.pilgrim.pt\/wp-content\/uploads\/2024\/12\/Martin-Luther-Medium-30x30.jpeg 30w, https:\/\/www.pilgrim.pt\/wp-content\/uploads\/2024\/12\/Martin-Luther-Medium-10x10.jpeg 10w, https:\/\/www.pilgrim.pt\/wp-content\/uploads\/2024\/12\/Martin-Luther-Medium.jpeg 640w\" srcset=\"https:\/\/www.pilgrim.pt\/wp-content\/uploads\/2024\/12\/Martin-Luther-Medium-30x30.jpeg 30w, https:\/\/www.pilgrim.pt\/wp-content\/uploads\/2024\/12\/Martin-Luther-Medium-300x300.jpeg 300w, https:\/\/www.pilgrim.pt\/wp-content\/uploads\/2024\/12\/Martin-Luther-Medium-150x150.jpeg 150w, https:\/\/www.pilgrim.pt\/wp-content\/uploads\/2024\/12\/Martin-Luther-Medium-260x260.jpeg 260w, https:\/\/www.pilgrim.pt\/wp-content\/uploads\/2024\/12\/Martin-Luther-Medium-600x600.jpeg 600w, https:\/\/www.pilgrim.pt\/wp-content\/uploads\/2024\/12\/Martin-Luther-Medium-100x100.jpeg 100w, https:\/\/www.pilgrim.pt\/wp-content\/uploads\/2024\/12\/Martin-Luther-Medium-10x10.jpeg 10w, https:\/\/www.pilgrim.pt\/wp-content\/uploads\/2024\/12\/Martin-Luther-Medium.jpeg 640w\" sizes=\"(max-width: 300px) 100vw, 300px\" \/>\t\t\t\t\t\t\t\t\t\t\t\t\t\t\t<\/div>\n\t\t\t\t<\/div>\n\t\t\t\t<div class=\"elementor-element elementor-element-73d59fd elementor-widget-mobile__width-inherit cmsmasters-block-default cmsmasters-sticky-default elementor-widget elementor-widget-text-editor\" data-id=\"73d59fd\" data-element_type=\"widget\" data-widget_type=\"text-editor.default\">\n\t\t\t\t<div class=\"elementor-widget-container\">\n\t\t\t\t\t\t\t\t\t<p><strong>Martinho Lutero (1483-1546):<\/strong> A fa\u00edsca que deu in\u00edcio \u00e0 Reforma Protestante, Lutero foi um monge, te\u00f3logo e professor alem\u00e3o que mudou o curso da hist\u00f3ria da Igreja com as suas 95 Teses. A sua tradu\u00e7\u00e3o da B\u00edblia para alem\u00e3o tornou as Escrituras acess\u00edveis \u00e0s pessoas comuns, e a sua \u00eanfase na salva\u00e7\u00e3o apenas atrav\u00e9s da f\u00e9 continua a ser fundamental para o ensino protestante. <\/p>\n\t\t\t\t\t\t\t\t<\/div>\n\t\t\t\t<\/div>\n\t\t\t\t<div class=\"elementor-element elementor-element-ae5e81c elementor-widget-mobile__width-inherit cmsmasters-block-default cmsmasters-sticky-default elementor-widget elementor-widget-image\" data-id=\"ae5e81c\" data-element_type=\"widget\" data-widget_type=\"image.default\">\n\t\t\t\t<div class=\"elementor-widget-container\">\n\t\t\t\t\t\t\t\t\t\t\t\t\t\t\t<img decoding=\"async\" width=\"300\" height=\"300\" src=\"https:\/\/www.pilgrim.pt\/wp-content\/uploads\/2024\/12\/John-Calvin-Medium-30x30.jpeg\" class=\"attachment-medium size-medium wp-image-41988 cmsmasters_img cmsmasters-lazyload lazyload\" alt=\"\" data-sizes=\"(max-width: 300px) 100vw, 300px\" data-src=\"https:\/\/www.pilgrim.pt\/wp-content\/uploads\/2024\/12\/John-Calvin-Medium-300x300.jpeg\" data-srcset=\"https:\/\/www.pilgrim.pt\/wp-content\/uploads\/2024\/12\/John-Calvin-Medium-300x300.jpeg 300w, https:\/\/www.pilgrim.pt\/wp-content\/uploads\/2024\/12\/John-Calvin-Medium-150x150.jpeg 150w, https:\/\/www.pilgrim.pt\/wp-content\/uploads\/2024\/12\/John-Calvin-Medium-260x260.jpeg 260w, https:\/\/www.pilgrim.pt\/wp-content\/uploads\/2024\/12\/John-Calvin-Medium-600x600.jpeg 600w, https:\/\/www.pilgrim.pt\/wp-content\/uploads\/2024\/12\/John-Calvin-Medium-100x100.jpeg 100w, https:\/\/www.pilgrim.pt\/wp-content\/uploads\/2024\/12\/John-Calvin-Medium-30x30.jpeg 30w, https:\/\/www.pilgrim.pt\/wp-content\/uploads\/2024\/12\/John-Calvin-Medium-10x10.jpeg 10w, https:\/\/www.pilgrim.pt\/wp-content\/uploads\/2024\/12\/John-Calvin-Medium.jpeg 640w\" srcset=\"https:\/\/www.pilgrim.pt\/wp-content\/uploads\/2024\/12\/John-Calvin-Medium-30x30.jpeg 30w, https:\/\/www.pilgrim.pt\/wp-content\/uploads\/2024\/12\/John-Calvin-Medium-300x300.jpeg 300w, https:\/\/www.pilgrim.pt\/wp-content\/uploads\/2024\/12\/John-Calvin-Medium-150x150.jpeg 150w, https:\/\/www.pilgrim.pt\/wp-content\/uploads\/2024\/12\/John-Calvin-Medium-260x260.jpeg 260w, https:\/\/www.pilgrim.pt\/wp-content\/uploads\/2024\/12\/John-Calvin-Medium-600x600.jpeg 600w, https:\/\/www.pilgrim.pt\/wp-content\/uploads\/2024\/12\/John-Calvin-Medium-100x100.jpeg 100w, https:\/\/www.pilgrim.pt\/wp-content\/uploads\/2024\/12\/John-Calvin-Medium-10x10.jpeg 10w, https:\/\/www.pilgrim.pt\/wp-content\/uploads\/2024\/12\/John-Calvin-Medium.jpeg 640w\" sizes=\"(max-width: 300px) 100vw, 300px\" \/>\t\t\t\t\t\t\t\t\t\t\t\t\t\t\t<\/div>\n\t\t\t\t<\/div>\n\t\t\t\t<div class=\"elementor-element elementor-element-6b9fa44 elementor-widget-mobile__width-inherit cmsmasters-block-default cmsmasters-sticky-default elementor-widget elementor-widget-text-editor\" data-id=\"6b9fa44\" data-element_type=\"widget\" data-widget_type=\"text-editor.default\">\n\t\t\t\t<div class=\"elementor-widget-container\">\n\t\t\t\t\t\t\t\t\t<p><strong>Jo\u00e3o Calvino (1509-1564):<\/strong> Um te\u00f3logo franc\u00eas cuja abordagem sistem\u00e1tica da f\u00e9 continua a influenciar a nossa igreja hoje, Calvino enfatizou a soberania de Deus e a import\u00e2ncia de aplicar a f\u00e9 a todas as \u00e1reas da vida. O seu trabalho em Genebra criou um modelo para as igrejas reformadas em todo o mundo. <\/p>\n\t\t\t\t\t\t\t\t<\/div>\n\t\t\t\t<\/div>\n\t\t\t\t<div class=\"elementor-element elementor-element-278e101 elementor-widget-mobile__width-inherit cmsmasters-block-default cmsmasters-sticky-default elementor-widget elementor-widget-image\" data-id=\"278e101\" data-element_type=\"widget\" data-widget_type=\"image.default\">\n\t\t\t\t<div class=\"elementor-widget-container\">\n\t\t\t\t\t\t\t\t\t\t\t\t\t\t\t<img loading=\"lazy\" decoding=\"async\" width=\"300\" height=\"300\" src=\"https:\/\/www.pilgrim.pt\/wp-content\/uploads\/2024\/12\/Ulrich-Zwingli-Medium-30x30.jpeg\" class=\"attachment-medium size-medium wp-image-41989 cmsmasters_img cmsmasters-lazyload lazyload\" alt=\"\" data-sizes=\"(max-width: 300px) 100vw, 300px\" data-src=\"https:\/\/www.pilgrim.pt\/wp-content\/uploads\/2024\/12\/Ulrich-Zwingli-Medium-300x300.jpeg\" data-srcset=\"https:\/\/www.pilgrim.pt\/wp-content\/uploads\/2024\/12\/Ulrich-Zwingli-Medium-300x300.jpeg 300w, https:\/\/www.pilgrim.pt\/wp-content\/uploads\/2024\/12\/Ulrich-Zwingli-Medium-150x150.jpeg 150w, https:\/\/www.pilgrim.pt\/wp-content\/uploads\/2024\/12\/Ulrich-Zwingli-Medium-260x260.jpeg 260w, https:\/\/www.pilgrim.pt\/wp-content\/uploads\/2024\/12\/Ulrich-Zwingli-Medium-600x600.jpeg 600w, https:\/\/www.pilgrim.pt\/wp-content\/uploads\/2024\/12\/Ulrich-Zwingli-Medium-100x100.jpeg 100w, https:\/\/www.pilgrim.pt\/wp-content\/uploads\/2024\/12\/Ulrich-Zwingli-Medium-30x30.jpeg 30w, https:\/\/www.pilgrim.pt\/wp-content\/uploads\/2024\/12\/Ulrich-Zwingli-Medium-10x10.jpeg 10w, https:\/\/www.pilgrim.pt\/wp-content\/uploads\/2024\/12\/Ulrich-Zwingli-Medium.jpeg 640w\" srcset=\"https:\/\/www.pilgrim.pt\/wp-content\/uploads\/2024\/12\/Ulrich-Zwingli-Medium-30x30.jpeg 30w, https:\/\/www.pilgrim.pt\/wp-content\/uploads\/2024\/12\/Ulrich-Zwingli-Medium-300x300.jpeg 300w, https:\/\/www.pilgrim.pt\/wp-content\/uploads\/2024\/12\/Ulrich-Zwingli-Medium-150x150.jpeg 150w, https:\/\/www.pilgrim.pt\/wp-content\/uploads\/2024\/12\/Ulrich-Zwingli-Medium-260x260.jpeg 260w, https:\/\/www.pilgrim.pt\/wp-content\/uploads\/2024\/12\/Ulrich-Zwingli-Medium-600x600.jpeg 600w, https:\/\/www.pilgrim.pt\/wp-content\/uploads\/2024\/12\/Ulrich-Zwingli-Medium-100x100.jpeg 100w, https:\/\/www.pilgrim.pt\/wp-content\/uploads\/2024\/12\/Ulrich-Zwingli-Medium-10x10.jpeg 10w, https:\/\/www.pilgrim.pt\/wp-content\/uploads\/2024\/12\/Ulrich-Zwingli-Medium.jpeg 640w\" sizes=\"(max-width: 300px) 100vw, 300px\" \/>\t\t\t\t\t\t\t\t\t\t\t\t\t\t\t<\/div>\n\t\t\t\t<\/div>\n\t\t\t\t<div class=\"elementor-element elementor-element-e756f53 elementor-widget-mobile__width-inherit cmsmasters-block-default cmsmasters-sticky-default elementor-widget elementor-widget-text-editor\" data-id=\"e756f53\" data-element_type=\"widget\" data-widget_type=\"text-editor.default\">\n\t\t\t\t<div class=\"elementor-widget-container\">\n\t\t\t\t\t\t\t\t\t<p><strong>Ulrich Zwingli (1484-1531):<\/strong> Liderando a Reforma em Zurique, Zwingli enfatizou a autoridade das Escrituras e reformou a adora\u00e7\u00e3o para se concentrar no ensino b\u00edblico. A sua influ\u00eancia moldou a compreens\u00e3o distintamente reformada da Ceia do Senhor que praticamos hoje. <\/p>\n\t\t\t\t\t\t\t\t<\/div>\n\t\t\t\t<\/div>\n\t\t\t\t<div class=\"elementor-element elementor-element-88a732c elementor-widget-mobile__width-inherit cmsmasters-block-default cmsmasters-sticky-default elementor-widget elementor-widget-image\" data-id=\"88a732c\" data-element_type=\"widget\" data-widget_type=\"image.default\">\n\t\t\t\t<div class=\"elementor-widget-container\">\n\t\t\t\t\t\t\t\t\t\t\t\t\t\t\t<img loading=\"lazy\" decoding=\"async\" width=\"300\" height=\"300\" src=\"https:\/\/www.pilgrim.pt\/wp-content\/uploads\/2024\/12\/John-Knox-Medium-30x30.jpeg\" class=\"attachment-medium size-medium wp-image-41990 cmsmasters_img cmsmasters-lazyload lazyload\" alt=\"\" data-sizes=\"(max-width: 300px) 100vw, 300px\" data-src=\"https:\/\/www.pilgrim.pt\/wp-content\/uploads\/2024\/12\/John-Knox-Medium-300x300.jpeg\" data-srcset=\"https:\/\/www.pilgrim.pt\/wp-content\/uploads\/2024\/12\/John-Knox-Medium-300x300.jpeg 300w, https:\/\/www.pilgrim.pt\/wp-content\/uploads\/2024\/12\/John-Knox-Medium-150x150.jpeg 150w, https:\/\/www.pilgrim.pt\/wp-content\/uploads\/2024\/12\/John-Knox-Medium-260x260.jpeg 260w, https:\/\/www.pilgrim.pt\/wp-content\/uploads\/2024\/12\/John-Knox-Medium-600x600.jpeg 600w, https:\/\/www.pilgrim.pt\/wp-content\/uploads\/2024\/12\/John-Knox-Medium-100x100.jpeg 100w, https:\/\/www.pilgrim.pt\/wp-content\/uploads\/2024\/12\/John-Knox-Medium-30x30.jpeg 30w, https:\/\/www.pilgrim.pt\/wp-content\/uploads\/2024\/12\/John-Knox-Medium-10x10.jpeg 10w, https:\/\/www.pilgrim.pt\/wp-content\/uploads\/2024\/12\/John-Knox-Medium.jpeg 640w\" srcset=\"https:\/\/www.pilgrim.pt\/wp-content\/uploads\/2024\/12\/John-Knox-Medium-30x30.jpeg 30w, https:\/\/www.pilgrim.pt\/wp-content\/uploads\/2024\/12\/John-Knox-Medium-300x300.jpeg 300w, https:\/\/www.pilgrim.pt\/wp-content\/uploads\/2024\/12\/John-Knox-Medium-150x150.jpeg 150w, https:\/\/www.pilgrim.pt\/wp-content\/uploads\/2024\/12\/John-Knox-Medium-260x260.jpeg 260w, https:\/\/www.pilgrim.pt\/wp-content\/uploads\/2024\/12\/John-Knox-Medium-600x600.jpeg 600w, https:\/\/www.pilgrim.pt\/wp-content\/uploads\/2024\/12\/John-Knox-Medium-100x100.jpeg 100w, https:\/\/www.pilgrim.pt\/wp-content\/uploads\/2024\/12\/John-Knox-Medium-10x10.jpeg 10w, https:\/\/www.pilgrim.pt\/wp-content\/uploads\/2024\/12\/John-Knox-Medium.jpeg 640w\" sizes=\"(max-width: 300px) 100vw, 300px\" \/>\t\t\t\t\t\t\t\t\t\t\t\t\t\t\t<\/div>\n\t\t\t\t<\/div>\n\t\t\t\t<div class=\"elementor-element elementor-element-92ae85f elementor-widget-mobile__width-inherit cmsmasters-block-default cmsmasters-sticky-default elementor-widget elementor-widget-text-editor\" data-id=\"92ae85f\" data-element_type=\"widget\" data-widget_type=\"text-editor.default\">\n\t\t\t\t<div class=\"elementor-widget-container\">\n\t\t\t\t\t\t\t\t\t<p><strong>John Knox (1514-1572):<\/strong> O pai do presbiterianismo, a paix\u00e3o de Knox pela verdade b\u00edblica e pela reforma da igreja ajudou a estabelecer a tradi\u00e7\u00e3o reformada que influencia o governo da nossa igreja atrav\u00e9s da lideran\u00e7a dos presb\u00edteros.<\/p>\n\t\t\t\t\t\t\t\t<\/div>\n\t\t\t\t<\/div>\n\t\t\t\t<\/div>\n\t\t<div class=\"elementor-element elementor-element-1c2c820 e-con-full e-flex cmsmasters-block-default e-con e-child\" data-id=\"1c2c820\" data-element_type=\"container\">\n\t\t\t\t<div class=\"elementor-element elementor-element-79bafb5 elementor-widget-mobile__width-inherit cmsmasters-block-default cmsmasters-sticky-default elementor-widget elementor-widget-text-editor\" data-id=\"79bafb5\" data-element_type=\"widget\" data-widget_type=\"text-editor.default\">\n\t\t\t\t<div class=\"elementor-widget-container\">\n\t\t\t\t\t\t\t\t\t<p>Estas figuras recordam-nos que o apelo \u00e0 reforma n\u00e3o tem a ver com indiv\u00edduos, mas com a a\u00e7\u00e3o de Deus atrav\u00e9s da Sua Igreja, aproximando-a d&#8217;Ele.<\/p>\n<h3>Tradi\u00e7\u00f5es da Reforma<\/h3>\n<p class=\"whitespace-pre-wrap break-words\">A nossa igreja segue a tradi\u00e7\u00e3o reformada e presbiteriana, enfatizando:<\/p>\n<ul class=\"-mt-1 [li&gt;&amp;]:mt-2 list-disc space-y-2 pl-8\">\n<li class=\"whitespace-normal break-words\">A inerr\u00e2ncia, inspira\u00e7\u00e3o e autoridade das Escrituras em todas as quest\u00f5es de f\u00e9 e vida<\/li>\n<li class=\"whitespace-normal break-words\">A soberania de Deus na salva\u00e7\u00e3o e em toda a cria\u00e7\u00e3o, e o seu controlo providencial sobre as nossas vidas<\/li>\n<li class=\"whitespace-normal break-words\">Governa\u00e7\u00e3o da igreja liderada por anci\u00e3os<\/li>\n<li class=\"whitespace-normal break-words\">A import\u00e2ncia do discipulado e da educa\u00e7\u00e3o crist\u00e3<\/li>\n<\/ul>\n<p>N\u00f3s defendemos as confiss\u00f5es reformadas hist\u00f3ricas, incluindo:<\/p>\n<ul class=\"-mt-1 [li&gt;&amp;]:mt-2 list-disc space-y-2 pl-8\">\n<li class=\"whitespace-normal break-words\">A Confiss\u00e3o de F\u00e9 de Westminster<\/li>\n<li class=\"whitespace-normal break-words\">As tr\u00eas formas de unidade\n<ul class=\"-mt-1 [li&gt;&amp;]:mt-2 list-disc space-y-2 pl-8\">\n<li class=\"whitespace-normal break-words\">A Confiss\u00e3o Belga<\/li>\n<li class=\"whitespace-normal break-words\">O Catecismo de Heidelberg<\/li>\n<li class=\"whitespace-normal break-words\">Os C\u00e2nones de Dort<\/li>\n<\/ul>\n<\/li>\n<\/ul>\n<h3 class=\"font-600 text-xl font-bold\">O nosso contexto portugu\u00eas<\/h3>\n<p class=\"whitespace-pre-wrap break-words\">Portugal tem uma rica heran\u00e7a crist\u00e3 que remonta \u00e0 era apost\u00f3lica. Embora predominantemente moldado pela tradi\u00e7\u00e3o cat\u00f3lica romana, Portugal tamb\u00e9m conheceu per\u00edodos de influ\u00eancia e reforma protestante. Como igreja reformada em Portugal hoje, procuramos:  <\/p>\n<ul class=\"-mt-1 [li&gt;&amp;]:mt-2 list-disc space-y-2 pl-8\">\n<li class=\"whitespace-normal break-words\">Honra a profunda heran\u00e7a crist\u00e3 desta na\u00e7\u00e3o<\/li>\n<li class=\"whitespace-normal break-words\">Interage com os vizinhos e amigos cat\u00f3licos romanos de forma reflectida<\/li>\n<li class=\"whitespace-normal break-words\">Contribui para a renova\u00e7\u00e3o espiritual de Portugal<\/li>\n<li class=\"whitespace-normal break-words\">Partilhar o Evangelho de forma culturalmente sens\u00edvel<\/li>\n<\/ul>\n<p>Como comunidade, procuramos refletir o evangelho em tudo o que fazemos &#8211; proclamando as boas novas da salva\u00e7\u00e3o pela gra\u00e7a atrav\u00e9s da f\u00e9, alimentando-nos uns aos outros na verdade das Escrituras e glorificando Deus em todos os aspectos das nossas vidas.<\/p>\n\t\t\t\t\t\t\t\t<\/div>\n\t\t\t\t<\/div>\n\t\t\t\t<div class=\"elementor-element elementor-element-496ea53 elementor-widget-mobile__width-inherit cmsmasters-block-default cmsmasters-sticky-default elementor-widget elementor-widget-heading\" data-id=\"496ea53\" data-element_type=\"widget\" data-widget_type=\"heading.default\">\n\t\t\t\t<div class=\"elementor-widget-container\">\n\t\t\t\t\t<h3 class=\"elementor-heading-title elementor-size-default\">Convidamos-te a juntares-te a n\u00f3s nesta jornada de renova\u00e7\u00e3o e adora\u00e7\u00e3o, enquanto procuramos seguir Jesus Cristo, a cabe\u00e7a da Igreja, e viver as verdades intemporais do evangelho nas nossas vidas de hoje.<\/h3>\t\t\t\t<\/div>\n\t\t\t\t<\/div>\n\t\t\t\t<\/div>\n\t\t\t\t\t<\/div>\n\t\t\t\t<\/div>\n\t\t<div class=\"elementor-element elementor-element-aa4e76d e-flex e-con-boxed cmsmasters-block-default e-con e-parent\" data-id=\"aa4e76d\" data-element_type=\"container\">\n\t\t\t\t\t<div class=\"e-con-inner\">\n\t\t\t\t<div class=\"elementor-element elementor-element-e687e5c elementor-cta--skin-cover elementor-animated-content elementor-bg-transform elementor-bg-transform-zoom-in cmsmasters-block-default cmsmasters-sticky-default elementor-widget elementor-widget-call-to-action\" data-id=\"e687e5c\" data-element_type=\"widget\" data-widget_type=\"call-to-action.default\">\n\t\t\t\t<div class=\"elementor-widget-container\">\n\t\t\t\t\t\t\t<div class=\"elementor-cta\">\n\t\t\t\t\t<div class=\"elementor-cta__bg-wrapper\">\n\t\t\t\t<div class=\"elementor-cta__bg elementor-bg\" style=\"background-image: url(https:\/\/www.pilgrim.pt\/wp-content\/uploads\/2024\/12\/pexels-fotios-photos-1753121-Medium.webp);\" role=\"img\" aria-label=\"pexels-fotios-photos-1753121 Medium\"><\/div>\n\t\t\t\t<div class=\"elementor-cta__bg-overlay\"><\/div>\n\t\t\t<\/div>\n\t\t\t\t\t\t\t<div class=\"elementor-cta__content\">\n\t\t\t\t\n\t\t\t\t\t\t\t\t\t<h2 class=\"elementor-cta__title elementor-cta__content-item elementor-content-item elementor-animated-item--grow\">\n\t\t\t\t\t\tConvidamos-te a juntar-te a n\u00f3s\t\t\t\t\t<\/h2>\n\t\t\t\t\n\t\t\t\t\n\t\t\t\t\t\t\t\t\t<div class=\"elementor-cta__button-wrapper elementor-cta__content-item elementor-content-item elementor-animated-item--grow\">\n\t\t\t\t\t<a class=\"elementor-cta__button elementor-button elementor-size-\" href=\"https:\/\/www.pilgrim.pt\/pt-pt\/participa\/\">\n\t\t\t\t\t\tVem ao culto de domingo\t\t\t\t\t<\/a>\n\t\t\t\t\t<\/div>\n\t\t\t\t\t\t\t<\/div>\n\t\t\t\t\t\t<\/div>\n\t\t\t\t\t\t<\/div>\n\t\t\t\t<\/div>\n\t\t\t\t\t<\/div>\n\t\t\t\t<\/div>\n\t\t\t\t<\/div>\n\t\t","protected":false},"excerpt":{"rendered":"<p>Compreender a Reforma A nossa heran\u00e7a reformada em Igreja Internacional do Peregrino Semper Reformanda &#8211; Ser\u00e1s sempre reformado Em Igreja Internacional do Peregrino, a nossa identidade est\u00e1 profundamente enraizada no&#8230;<\/p>\n","protected":false},"author":1,"featured_media":0,"parent":0,"menu_order":0,"comment_status":"closed","ping_status":"closed","template":"","meta":{"_acf_changed":false,"footnotes":""},"categories":[],"tags":[],"class_list":["post-42037","page","type-page","status-publish","hentry"],"acf":[],"_links":{"self":[{"href":"https:\/\/www.pilgrim.pt\/pt-pt\/wp-json\/wp\/v2\/pages\/42037","targetHints":{"allow":["GET"]}}],"collection":[{"href":"https:\/\/www.pilgrim.pt\/pt-pt\/wp-json\/wp\/v2\/pages"}],"about":[{"href":"https:\/\/www.pilgrim.pt\/pt-pt\/wp-json\/wp\/v2\/types\/page"}],"author":[{"embeddable":true,"href":"https:\/\/www.pilgrim.pt\/pt-pt\/wp-json\/wp\/v2\/users\/1"}],"replies":[{"embeddable":true,"href":"https:\/\/www.pilgrim.pt\/pt-pt\/wp-json\/wp\/v2\/comments?post=42037"}],"version-history":[{"count":47,"href":"https:\/\/www.pilgrim.pt\/pt-pt\/wp-json\/wp\/v2\/pages\/42037\/revisions"}],"predecessor-version":[{"id":42765,"href":"https:\/\/www.pilgrim.pt\/pt-pt\/wp-json\/wp\/v2\/pages\/42037\/revisions\/42765"}],"wp:attachment":[{"href":"https:\/\/www.pilgrim.pt\/pt-pt\/wp-json\/wp\/v2\/media?parent=42037"}],"wp:term":[{"taxonomy":"category","embeddable":true,"href":"https:\/\/www.pilgrim.pt\/pt-pt\/wp-json\/wp\/v2\/categories?post=42037"},{"taxonomy":"post_tag","embeddable":true,"href":"https:\/\/www.pilgrim.pt\/pt-pt\/wp-json\/wp\/v2\/tags?post=42037"}],"curies":[{"name":"wp","href":"https:\/\/api.w.org\/{rel}","templated":true}]}}