{"id":42035,"date":"2024-12-07T11:17:08","date_gmt":"2024-12-07T11:17:08","guid":{"rendered":"https:\/\/www.pilgrim.pt\/peregrinacao\/"},"modified":"2024-12-13T12:35:32","modified_gmt":"2024-12-13T12:35:32","slug":"peregrinacao","status":"publish","type":"page","link":"https:\/\/www.pilgrim.pt\/pt-pt\/peregrinacao\/","title":{"rendered":"Peregrina\u00e7\u00e3o"},"content":{"rendered":"\t\t<div data-elementor-type=\"wp-page\" data-elementor-id=\"42035\" class=\"elementor elementor-42035 elementor-40724\" data-elementor-post-type=\"page\">\n\t\t\t\t<div class=\"elementor-element elementor-element-6655845a e-flex e-con-boxed cmsmasters-bg-hide-none cmsmasters-bg-hide-none cmsmasters-block-default e-con e-parent\" data-id=\"6655845a\" data-element_type=\"container\" data-settings=\"{&quot;background_background&quot;:&quot;classic&quot;}\">\n\t\t\t\t\t<div class=\"e-con-inner\">\n\t\t\t\t<div class=\"elementor-element elementor-element-79e61e41 cmsmasters-block-default cmsmasters-sticky-default elementor-widget elementor-widget-heading\" data-id=\"79e61e41\" data-element_type=\"widget\" data-widget_type=\"heading.default\">\n\t\t\t\t<div class=\"elementor-widget-container\">\n\t\t\t\t\t<h1 class=\"elementor-heading-title elementor-size-default\">Peregrina\u00e7\u00e3o<\/h1>\t\t\t\t<\/div>\n\t\t\t\t<\/div>\n\t\t\t\t\t<\/div>\n\t\t\t\t<\/div>\n\t\t<div class=\"elementor-element elementor-element-306d07d e-flex e-con-boxed cmsmasters-block-default e-con e-parent\" data-id=\"306d07d\" data-element_type=\"container\">\n\t\t\t\t\t<div class=\"e-con-inner\">\n\t\t\t\t<div class=\"elementor-element elementor-element-d6a415a elementor-widget-mobile__width-inherit cmsmasters-block-default cmsmasters-sticky-default elementor-widget elementor-widget-text-editor\" data-id=\"d6a415a\" data-element_type=\"widget\" data-widget_type=\"text-editor.default\">\n\t\t\t\t<div class=\"elementor-widget-container\">\n\t\t\t\t\t\t\t\t\t<h1>O nosso nome: A Viagem do Peregrino<\/h1>\n<p>No cora\u00e7\u00e3o de Braga, onde convergem antigos caminhos de peregrinos a caminho de Santiago de Compostela, Igreja Internacional do Peregrino \u00e9 simultaneamente um ponto de passagem e um testemunho da viagem crist\u00e3. O nosso nome carrega tr\u00eas camadas de significado que moldam a nossa identidade e miss\u00e3o. <\/p>\n\t\t\t\t\t\t\t\t<\/div>\n\t\t\t\t<\/div>\n\t\t\t\t\t<\/div>\n\t\t\t\t<\/div>\n\t\t<div class=\"elementor-element elementor-element-b3023e9 e-flex e-con-boxed cmsmasters-block-default e-con e-parent\" data-id=\"b3023e9\" data-element_type=\"container\">\n\t\t\t\t\t<div class=\"e-con-inner\">\n\t\t\t\t<div class=\"elementor-element elementor-element-39e6363 elementor-widget__width-initial elementor-widget-mobile__width-inherit cmsmasters-block-default cmsmasters-sticky-default elementor-widget elementor-widget-image\" data-id=\"39e6363\" data-element_type=\"widget\" data-widget_type=\"image.default\">\n\t\t\t\t<div class=\"elementor-widget-container\">\n\t\t\t\t\t\t\t\t\t\t\t\t\t\t\t<img fetchpriority=\"high\" decoding=\"async\" width=\"640\" height=\"427\" src=\"https:\/\/www.pilgrim.pt\/wp-content\/uploads\/2024\/12\/AdobeStock_174932735-Medium-30x30.jpeg\" class=\"attachment-large size-large wp-image-41993 cmsmasters_img cmsmasters-lazyload lazyload\" alt=\"\" data-sizes=\"auto\" data-src=\"https:\/\/www.pilgrim.pt\/wp-content\/uploads\/2024\/12\/AdobeStock_174932735-Medium.webp\" srcset=\"https:\/\/www.pilgrim.pt\/wp-content\/uploads\/2024\/12\/AdobeStock_174932735-Medium-300x200.jpeg 300w, https:\/\/www.pilgrim.pt\/wp-content\/uploads\/2024\/12\/AdobeStock_174932735-Medium-450x300.jpeg 450w, https:\/\/www.pilgrim.pt\/wp-content\/uploads\/2024\/12\/AdobeStock_174932735-Medium-600x400.jpeg 600w, https:\/\/www.pilgrim.pt\/wp-content\/uploads\/2024\/12\/AdobeStock_174932735-Medium-30x20.jpeg 30w, https:\/\/www.pilgrim.pt\/wp-content\/uploads\/2024\/12\/AdobeStock_174932735-Medium-15x10.jpeg 15w, https:\/\/www.pilgrim.pt\/wp-content\/uploads\/2024\/12\/AdobeStock_174932735-Medium.jpeg 640w\" sizes=\"(max-width: 640px) 100vw, 640px\" \/>\t\t\t\t\t\t\t\t\t\t\t\t\t\t\t<\/div>\n\t\t\t\t<\/div>\n\t\t\t\t<div class=\"elementor-element elementor-element-d5c631b elementor-widget__width-initial elementor-widget-mobile__width-inherit cmsmasters-block-default cmsmasters-sticky-default elementor-widget elementor-widget-text-editor\" data-id=\"d5c631b\" data-element_type=\"widget\" data-widget_type=\"text-editor.default\">\n\t\t\t\t<div class=\"elementor-widget-container\">\n\t\t\t\t\t\t\t\t\t<h2 class=\"font-600 text-xl font-bold\">Enraizados no lugar: A heran\u00e7a peregrina de Braga<\/h2>\n<p class=\"whitespace-pre-wrap break-words\">Durante s\u00e9culos, os peregrinos percorreram as ruas calcetadas de Braga, com os seus passos a ecoar os de in\u00fameros fi\u00e9is que procuraram a renova\u00e7\u00e3o espiritual no Caminho de Santiago. Hoje, a nossa igreja continua esta tradi\u00e7\u00e3o de hospitalidade, acolhendo peregrinos modernos de todas as na\u00e7\u00f5es. Abra\u00e7amos o nosso papel nesta paisagem hist\u00f3rica ao mesmo tempo que servimos uma comunidade contempor\u00e2nea e internacional.  <\/p>\n\t\t\t\t\t\t\t\t<\/div>\n\t\t\t\t<\/div>\n\t\t\t\t\t<\/div>\n\t\t\t\t<\/div>\n\t\t<div class=\"elementor-element elementor-element-f9b09be e-flex e-con-boxed cmsmasters-block-default e-con e-parent\" data-id=\"f9b09be\" data-element_type=\"container\">\n\t\t\t\t\t<div class=\"e-con-inner\">\n\t\t\t\t<div class=\"elementor-element elementor-element-b277a77 elementor-widget-mobile__width-inherit cmsmasters-block-default cmsmasters-sticky-default elementor-widget elementor-widget-text-editor\" data-id=\"b277a77\" data-element_type=\"widget\" data-widget_type=\"text-editor.default\">\n\t\t\t\t<div class=\"elementor-widget-container\">\n\t\t\t\t\t\t\t\t\t<h2 class=\"font-600 text-xl font-bold\">Um lar para os peregrinos<\/h2>\n<p class=\"whitespace-pre-wrap break-words\">A nossa congrega\u00e7\u00e3o reflecte a bela diversidade do reino de Deus. N\u00f3s somos: <\/p>\n<ul class=\"-mt-1 [li&gt;&amp;]:mt-2 list-disc space-y-2 pl-8\">\n<li class=\"whitespace-normal break-words\">Expatriados a construir novas vidas em Portugal<\/li>\n<li class=\"whitespace-normal break-words\">Estudantes internacionais que prosseguem os seus estudos<\/li>\n<li class=\"whitespace-normal break-words\">Portugueses que procuram um culto em ingl\u00eas<\/li>\n<li class=\"whitespace-normal break-words\">Refugiados e migrantes em busca de comunidade<\/li>\n<li class=\"whitespace-normal break-words\">Viajantes que fazem uma pausa na sua viagem para adorar<\/li>\n<\/ul>\n<p class=\"whitespace-pre-wrap break-words\">A hist\u00f3ria de cada pessoa enriquece a nossa comunidade, criando uma tape\u00e7aria de f\u00e9 que transcende as fronteiras nacionais.<\/p>\n<h2 class=\"font-600 text-xl font-bold\">A viagem mais profunda: Peregrina\u00e7\u00e3o B\u00edblica<\/h2>\n<p class=\"whitespace-pre-wrap break-words\">O cora\u00e7\u00e3o do nosso nome est\u00e1 nas ricas imagens de peregrina\u00e7\u00e3o das Escrituras. Tal como Abra\u00e3o, chamado a viajar para uma terra desconhecida, n\u00f3s caminhamos pela f\u00e9. Tal como Israel, conduzido atrav\u00e9s do deserto em dire\u00e7\u00e3o \u00e0 promessa, seguimos a orienta\u00e7\u00e3o de Deus. E tal como a igreja primitiva, compreendemos que a nossa cidadania est\u00e1 no c\u00e9u enquanto servimos os objectivos de Deus na terra.   <\/p>\n<p class=\"whitespace-pre-wrap break-words\">Esta peregrina\u00e7\u00e3o b\u00edblica \u00e9 marcada por:<\/p>\n<ul class=\"-mt-1 [li&gt;&amp;]:mt-2 list-disc space-y-2 pl-8\">\n<li class=\"whitespace-normal break-words\"><strong>Promessa<\/strong>: Caminhamos para a Nova Cria\u00e7\u00e3o, onde Cristo far\u00e1 novas todas as coisas<\/li>\n<li class=\"whitespace-normal break-words\"><strong>Realidade atual<\/strong>: Vivemos como cidad\u00e3os do reino aqui e agora<\/li>\n<li class=\"whitespace-normal break-words\"><strong>Comunidade<\/strong>: Caminhamos juntos, apoiando-nos uns aos outros<\/li>\n<li class=\"whitespace-normal break-words\"><strong>Objetivo<\/strong>: Cada passo \u00e9 guiado pela miss\u00e3o de Deus<\/li>\n<\/ul>\n\t\t\t\t\t\t\t\t<\/div>\n\t\t\t\t<\/div>\n\t\t\t\t\t<\/div>\n\t\t\t\t<\/div>\n\t\t<div class=\"elementor-element elementor-element-af1480b e-flex e-con-boxed cmsmasters-block-default e-con e-parent\" data-id=\"af1480b\" data-element_type=\"container\">\n\t\t\t\t\t<div class=\"e-con-inner\">\n\t\t\t\t<div class=\"elementor-element elementor-element-dfd1695 elementor-widget__width-initial elementor-widget-mobile__width-inherit cmsmasters-block-default cmsmasters-sticky-default elementor-widget elementor-widget-image\" data-id=\"dfd1695\" data-element_type=\"widget\" data-widget_type=\"image.default\">\n\t\t\t\t<div class=\"elementor-widget-container\">\n\t\t\t\t\t\t\t\t\t\t\t\t\t\t\t<img decoding=\"async\" width=\"640\" height=\"427\" src=\"https:\/\/www.pilgrim.pt\/wp-content\/uploads\/2024\/12\/AdobeStock_1087830438-Medium-30x30.jpeg\" class=\"attachment-large size-large wp-image-41994 cmsmasters_img cmsmasters-lazyload lazyload\" alt=\"\" data-sizes=\"auto\" data-src=\"https:\/\/www.pilgrim.pt\/wp-content\/uploads\/2024\/12\/AdobeStock_1087830438-Medium.webp\" srcset=\"https:\/\/www.pilgrim.pt\/wp-content\/uploads\/2024\/12\/AdobeStock_1087830438-Medium-300x200.jpeg 300w, https:\/\/www.pilgrim.pt\/wp-content\/uploads\/2024\/12\/AdobeStock_1087830438-Medium-450x300.jpeg 450w, https:\/\/www.pilgrim.pt\/wp-content\/uploads\/2024\/12\/AdobeStock_1087830438-Medium-600x400.jpeg 600w, https:\/\/www.pilgrim.pt\/wp-content\/uploads\/2024\/12\/AdobeStock_1087830438-Medium-30x20.jpeg 30w, https:\/\/www.pilgrim.pt\/wp-content\/uploads\/2024\/12\/AdobeStock_1087830438-Medium-15x10.jpeg 15w, https:\/\/www.pilgrim.pt\/wp-content\/uploads\/2024\/12\/AdobeStock_1087830438-Medium.jpeg 640w\" sizes=\"(max-width: 640px) 100vw, 640px\" \/>\t\t\t\t\t\t\t\t\t\t\t\t\t\t\t<\/div>\n\t\t\t\t<\/div>\n\t\t\t\t<div class=\"elementor-element elementor-element-54f64fe elementor-widget-mobile__width-inherit cmsmasters-block-default cmsmasters-sticky-default elementor-widget elementor-widget-text-editor\" data-id=\"54f64fe\" data-element_type=\"widget\" data-widget_type=\"text-editor.default\">\n\t\t\t\t<div class=\"elementor-widget-container\">\n\t\t\t\t\t\t\t\t\t<h2 class=\"font-600 text-xl font-bold\">Encontrar descanso para a viagem<\/h2>\n<p class=\"whitespace-pre-wrap break-words\">Todos os domingos, reunimo-nos como companheiros de peregrina\u00e7\u00e3o para:<\/p>\n<ul class=\"-mt-1 [li&gt;&amp;]:mt-2 list-disc space-y-2 pl-8\">\n<li class=\"whitespace-normal break-words\">Adora o Deus que nos guia<\/li>\n<li class=\"whitespace-normal break-words\">Alimenta-te da Sua Palavra e dos Seus Sacramentos<\/li>\n<li class=\"whitespace-normal break-words\">Fortalece-te mutuamente na comunh\u00e3o<\/li>\n<li class=\"whitespace-normal break-words\">Prepara-nos para a viagem que temos pela frente<\/li>\n<\/ul>\n\t\t\t\t\t\t\t\t<\/div>\n\t\t\t\t<\/div>\n\t\t\t\t\t<\/div>\n\t\t\t\t<\/div>\n\t\t<div class=\"elementor-element elementor-element-faa791d e-flex e-con-boxed cmsmasters-block-default e-con e-parent\" data-id=\"faa791d\" data-element_type=\"container\">\n\t\t\t\t\t<div class=\"e-con-inner\">\n\t\t\t\t<div class=\"elementor-element elementor-element-0cc66b4 cmsmasters-block-default cmsmasters-sticky-default elementor-widget elementor-widget-text-editor\" data-id=\"0cc66b4\" data-element_type=\"widget\" data-widget_type=\"text-editor.default\">\n\t\t\t\t<div class=\"elementor-widget-container\">\n\t\t\t\t\t\t\t\t\t<h2 class=\"font-600 text-xl font-bold\">Junta-te \u00e0 nossa viagem<\/h2>\n<p class=\"whitespace-pre-wrap break-words\">Quer estejas em Braga por uma semana ou por toda a vida, quer estejas a dar os teus primeiros passos de f\u00e9 ou j\u00e1 tenhas caminhado com Cristo durante d\u00e9cadas, encontrar\u00e1s aqui um lar entre outros peregrinos. Juntos, seguimos Jesus, &#8220;o fundador e aperfei\u00e7oador da nossa f\u00e9&#8221; (Hebreus 12:2), enquanto caminhamos em dire\u00e7\u00e3o \u00e0 nossa casa eterna. <\/p>\n\t\t\t\t\t\t\t\t<\/div>\n\t\t\t\t<\/div>\n\t\t\t\t\t<\/div>\n\t\t\t\t<\/div>\n\t\t<div class=\"elementor-element elementor-element-df9d9af e-flex e-con-boxed cmsmasters-block-default e-con e-parent\" data-id=\"df9d9af\" data-element_type=\"container\">\n\t\t\t\t\t<div class=\"e-con-inner\">\n\t\t\t\t<div class=\"elementor-element elementor-element-76cc7a0 elementor-blockquote--skin-border elementor-blockquote--button-color-official cmsmasters-block-default cmsmasters-sticky-default elementor-widget elementor-widget-blockquote\" data-id=\"76cc7a0\" data-element_type=\"widget\" data-widget_type=\"blockquote.default\">\n\t\t\t\t<div class=\"elementor-widget-container\">\n\t\t\t\t\t\t\t<blockquote class=\"elementor-blockquote\">\n\t\t\t<p class=\"elementor-blockquote__content\">\n\t\t\t\tPorque aqui n\u00e3o temos uma cidade duradoura, mas procuramos a cidade que h\u00e1-de vir.\t\t\t<\/p>\n\t\t\t\t\t\t\t<div class=\"e-q-footer\">\n\t\t\t\t\t\t\t\t\t\t\t<cite class=\"elementor-blockquote__author\">Hebrews 13:14 (ESV)<\/cite>\n\t\t\t\t\t\t\t\t\t\t\t\t\t\t<\/div>\n\t\t\t\t\t<\/blockquote>\n\t\t\t\t\t\t<\/div>\n\t\t\t\t<\/div>\n\t\t\t\t\t<\/div>\n\t\t\t\t<\/div>\n\t\t<div class=\"elementor-element elementor-element-a0c8e5d e-flex e-con-boxed cmsmasters-block-default e-con e-parent\" data-id=\"a0c8e5d\" data-element_type=\"container\">\n\t\t\t\t\t<div class=\"e-con-inner\">\n\t\t\t\t<div class=\"elementor-element elementor-element-8a0ae4c elementor-cta--skin-cover elementor-animated-content elementor-bg-transform elementor-bg-transform-zoom-in cmsmasters-block-default cmsmasters-sticky-default elementor-widget elementor-widget-call-to-action\" data-id=\"8a0ae4c\" data-element_type=\"widget\" data-widget_type=\"call-to-action.default\">\n\t\t\t\t<div class=\"elementor-widget-container\">\n\t\t\t\t\t\t\t<div class=\"elementor-cta\">\n\t\t\t\t\t<div class=\"elementor-cta__bg-wrapper\">\n\t\t\t\t<div class=\"elementor-cta__bg elementor-bg\" style=\"background-image: url(https:\/\/www.pilgrim.pt\/wp-content\/uploads\/2024\/12\/kobu-agency-DFwslJRrUFw-unsplash-Medium.webp);\" role=\"img\" aria-label=\"kobu-agency-DFwslJRrUFw-unsplash Medium\"><\/div>\n\t\t\t\t<div class=\"elementor-cta__bg-overlay\"><\/div>\n\t\t\t<\/div>\n\t\t\t\t\t\t\t<div class=\"elementor-cta__content\">\n\t\t\t\t\n\t\t\t\t\t\t\t\t\t<h2 class=\"elementor-cta__title elementor-cta__content-item elementor-content-item elementor-animated-item--grow\">\n\t\t\t\t\t\tCome\u00e7a a tua viagem hoje\t\t\t\t\t<\/h2>\n\t\t\t\t\n\t\t\t\t\n\t\t\t\t\t\t\t\t\t<div class=\"elementor-cta__button-wrapper elementor-cta__content-item elementor-content-item elementor-animated-item--grow\">\n\t\t\t\t\t<a class=\"elementor-cta__button elementor-button elementor-size-\" href=\"https:\/\/www.pilgrim.pt\/pt-pt\/participa\/\">\n\t\t\t\t\t\tParticipa\t\t\t\t\t<\/a>\n\t\t\t\t\t<\/div>\n\t\t\t\t\t\t\t<\/div>\n\t\t\t\t\t\t<\/div>\n\t\t\t\t\t\t<\/div>\n\t\t\t\t<\/div>\n\t\t\t\t\t<\/div>\n\t\t\t\t<\/div>\n\t\t\t\t<\/div>\n\t\t","protected":false},"excerpt":{"rendered":"<p>Peregrina\u00e7\u00e3o O nosso nome: A Viagem do Peregrino No cora\u00e7\u00e3o de Braga, onde convergem antigos caminhos de peregrinos a caminho de Santiago de Compostela, Igreja Internacional do Peregrino \u00e9 simultaneamente&#8230;<\/p>\n","protected":false},"author":1,"featured_media":0,"parent":0,"menu_order":0,"comment_status":"closed","ping_status":"closed","template":"","meta":{"_acf_changed":false,"footnotes":""},"categories":[],"tags":[],"class_list":["post-42035","page","type-page","status-publish","hentry"],"acf":[],"_links":{"self":[{"href":"https:\/\/www.pilgrim.pt\/pt-pt\/wp-json\/wp\/v2\/pages\/42035","targetHints":{"allow":["GET"]}}],"collection":[{"href":"https:\/\/www.pilgrim.pt\/pt-pt\/wp-json\/wp\/v2\/pages"}],"about":[{"href":"https:\/\/www.pilgrim.pt\/pt-pt\/wp-json\/wp\/v2\/types\/page"}],"author":[{"embeddable":true,"href":"https:\/\/www.pilgrim.pt\/pt-pt\/wp-json\/wp\/v2\/users\/1"}],"replies":[{"embeddable":true,"href":"https:\/\/www.pilgrim.pt\/pt-pt\/wp-json\/wp\/v2\/comments?post=42035"}],"version-history":[{"count":12,"href":"https:\/\/www.pilgrim.pt\/pt-pt\/wp-json\/wp\/v2\/pages\/42035\/revisions"}],"predecessor-version":[{"id":42766,"href":"https:\/\/www.pilgrim.pt\/pt-pt\/wp-json\/wp\/v2\/pages\/42035\/revisions\/42766"}],"wp:attachment":[{"href":"https:\/\/www.pilgrim.pt\/pt-pt\/wp-json\/wp\/v2\/media?parent=42035"}],"wp:term":[{"taxonomy":"category","embeddable":true,"href":"https:\/\/www.pilgrim.pt\/pt-pt\/wp-json\/wp\/v2\/categories?post=42035"},{"taxonomy":"post_tag","embeddable":true,"href":"https:\/\/www.pilgrim.pt\/pt-pt\/wp-json\/wp\/v2\/tags?post=42035"}],"curies":[{"name":"wp","href":"https:\/\/api.w.org\/{rel}","templated":true}]}}