{"id":42032,"date":"2024-11-12T20:54:53","date_gmt":"2024-11-12T20:54:53","guid":{"rendered":"https:\/\/www.pilgrim.pt\/o-evangelho\/"},"modified":"2024-12-13T14:01:55","modified_gmt":"2024-12-13T14:01:55","slug":"o-evangelho","status":"publish","type":"page","link":"https:\/\/www.pilgrim.pt\/pt-pt\/o-evangelho\/","title":{"rendered":"O Evangelho"},"content":{"rendered":"\t\t<div data-elementor-type=\"wp-page\" data-elementor-id=\"42032\" class=\"elementor elementor-42032 elementor-40590\" data-elementor-post-type=\"page\">\n\t\t\t\t<div class=\"elementor-element elementor-element-41dbd04a e-flex e-con-boxed cmsmasters-bg-hide-none cmsmasters-bg-hide-none cmsmasters-block-default e-con e-parent\" data-id=\"41dbd04a\" data-element_type=\"container\" data-settings=\"{&quot;background_background&quot;:&quot;classic&quot;}\">\n\t\t\t\t\t<div class=\"e-con-inner\">\n\t\t\t\t<div class=\"elementor-element elementor-element-4f019a2a cmsmasters-block-default cmsmasters-sticky-default elementor-widget elementor-widget-heading\" data-id=\"4f019a2a\" data-element_type=\"widget\" data-widget_type=\"heading.default\">\n\t\t\t\t<div class=\"elementor-widget-container\">\n\t\t\t\t\t<h1 class=\"elementor-heading-title elementor-size-default\">Evangelho<\/h1>\t\t\t\t<\/div>\n\t\t\t\t<\/div>\n\t\t\t\t\t<\/div>\n\t\t\t\t<\/div>\n\t\t<div class=\"elementor-element elementor-element-7ee800a e-flex e-con-boxed cmsmasters-block-default e-con e-parent\" data-id=\"7ee800a\" data-element_type=\"container\">\n\t\t\t\t\t<div class=\"e-con-inner\">\n\t\t\t\t<div class=\"elementor-element elementor-element-0102460 elementor-widget__width-inherit cmsmasters-block-default cmsmasters-sticky-default elementor-widget elementor-widget-text-editor\" data-id=\"0102460\" data-element_type=\"widget\" data-widget_type=\"text-editor.default\">\n\t\t\t\t<div class=\"elementor-widget-container\">\n\t\t\t\t\t\t\t\t\t<h1 contenteditable=\"true\" data-elementor-setting-key=\"title\" data-pen-placeholder=\"Type Here...\">O Evangelho: a Boa Nova da Reden\u00e7\u00e3o e da Restaura\u00e7\u00e3o<\/h1>\nAlguma vez andaste pelas ruas antigas de Braga e te perguntaste sobre o significado mais profundo da vida? Tal como as igrejas hist\u00f3ricas da nossa cidade, que apontam para algo maior do que n\u00f3s pr\u00f3prios, o Evangelho &#8211; ou &#8220;boas not\u00edcias&#8221; &#8211; conta a hist\u00f3ria do amor de Deus pela humanidade e o Seu plano para restaurar todas as coisas.   <span style=\"text-align: var(--text-align); background-color: var(--cmsmasters-main-container-bg-color); color: var(--cmsmasters-colors-text); font-family: var(--cmsmasters-base-font-family); font-size: var(--cmsmasters-base-font-size); font-style: var(--cmsmasters-base-font-style); font-weight: var(--cmsmasters-base-font-weight); letter-spacing: var(--cmsmasters-base-letter-spacing); text-transform: var(--cmsmasters-base-text-transform); word-spacing: var(--cmsmasters-base-word-spacing);\">\u00c9 a mensagem central do cristianismo, proclamando a salva\u00e7\u00e3o que Deus providenciou atrav\u00e9s de Jesus Cristo.<\/span>\n\n<span style=\"text-align: var(--text-align); background-color: var(--cmsmasters-main-container-bg-color); color: var(--cmsmasters-colors-text); font-family: var(--cmsmasters-base-font-family); font-size: var(--cmsmasters-base-font-size); font-style: var(--cmsmasters-base-font-style); font-weight: var(--cmsmasters-base-font-weight); letter-spacing: var(--cmsmasters-base-letter-spacing); text-transform: var(--cmsmasters-base-text-transform); word-spacing: var(--cmsmasters-base-word-spacing);\">Na cren\u00e7a crist\u00e3 evang\u00e9lica e reformada, o evangelho \u00e9 mais do que um conjunto de doutrinas; \u00e9 uma hist\u00f3ria viva que fala \u00e0s necessidades mais profundas da humanidade e responde \u00e0s grandes quest\u00f5es da exist\u00eancia. Neste artigo, vamos explorar o evangelho atrav\u00e9s da lente da grande narrativa da B\u00edblia, que se desenrola em quatro fases:   <\/span><b style=\"text-align: var(--text-align); background-color: var(--cmsmasters-main-container-bg-color); color: var(--cmsmasters-colors-text); font-family: var(--cmsmasters-base-font-family); font-size: var(--cmsmasters-base-font-size); font-style: var(--cmsmasters-base-font-style); letter-spacing: var(--cmsmasters-base-letter-spacing); text-transform: var(--cmsmasters-base-text-transform); word-spacing: var(--cmsmasters-base-word-spacing);\">Cria\u00e7\u00e3o<\/b><span style=\"text-align: var(--text-align); background-color: var(--cmsmasters-main-container-bg-color); color: var(--cmsmasters-colors-text); font-family: var(--cmsmasters-base-font-family); font-size: var(--cmsmasters-base-font-size); font-style: var(--cmsmasters-base-font-style); font-weight: var(--cmsmasters-base-font-weight); letter-spacing: var(--cmsmasters-base-letter-spacing); text-transform: var(--cmsmasters-base-text-transform); word-spacing: var(--cmsmasters-base-word-spacing);\">, <\/span><b style=\"text-align: var(--text-align); background-color: var(--cmsmasters-main-container-bg-color); color: var(--cmsmasters-colors-text); font-family: var(--cmsmasters-base-font-family); font-size: var(--cmsmasters-base-font-size); font-style: var(--cmsmasters-base-font-style); letter-spacing: var(--cmsmasters-base-letter-spacing); text-transform: var(--cmsmasters-base-text-transform); word-spacing: var(--cmsmasters-base-word-spacing);\">Queda<\/b><span style=\"text-align: var(--text-align); background-color: var(--cmsmasters-main-container-bg-color); color: var(--cmsmasters-colors-text); font-family: var(--cmsmasters-base-font-family); font-size: var(--cmsmasters-base-font-size); font-style: var(--cmsmasters-base-font-style); font-weight: var(--cmsmasters-base-font-weight); letter-spacing: var(--cmsmasters-base-letter-spacing); text-transform: var(--cmsmasters-base-text-transform); word-spacing: var(--cmsmasters-base-word-spacing);\">, <\/span><b style=\"text-align: var(--text-align); background-color: var(--cmsmasters-main-container-bg-color); color: var(--cmsmasters-colors-text); font-family: var(--cmsmasters-base-font-family); font-size: var(--cmsmasters-base-font-size); font-style: var(--cmsmasters-base-font-style); letter-spacing: var(--cmsmasters-base-letter-spacing); text-transform: var(--cmsmasters-base-text-transform); word-spacing: var(--cmsmasters-base-word-spacing);\">Reden\u00e7\u00e3o<\/b><span style=\"text-align: var(--text-align); background-color: var(--cmsmasters-main-container-bg-color); color: var(--cmsmasters-colors-text); font-family: var(--cmsmasters-base-font-family); font-size: var(--cmsmasters-base-font-size); font-style: var(--cmsmasters-base-font-style); font-weight: var(--cmsmasters-base-font-weight); letter-spacing: var(--cmsmasters-base-letter-spacing); text-transform: var(--cmsmasters-base-text-transform); word-spacing: var(--cmsmasters-base-word-spacing);\">e <\/span><b style=\"text-align: var(--text-align); background-color: var(--cmsmasters-main-container-bg-color); color: var(--cmsmasters-colors-text); font-family: var(--cmsmasters-base-font-family); font-size: var(--cmsmasters-base-font-size); font-style: var(--cmsmasters-base-font-style); letter-spacing: var(--cmsmasters-base-letter-spacing); text-transform: var(--cmsmasters-base-text-transform); word-spacing: var(--cmsmasters-base-word-spacing);\">Consuma\u00e7\u00e3o<\/b><span style=\"text-align: var(--text-align); background-color: var(--cmsmasters-main-container-bg-color); color: var(--cmsmasters-colors-text); font-family: var(--cmsmasters-base-font-family); font-size: var(--cmsmasters-base-font-size); font-style: var(--cmsmasters-base-font-style); font-weight: var(--cmsmasters-base-font-weight); letter-spacing: var(--cmsmasters-base-letter-spacing); text-transform: var(--cmsmasters-base-text-transform); word-spacing: var(--cmsmasters-base-word-spacing);\">.<\/span>\t\t\t\t\t\t\t\t<\/div>\n\t\t\t\t<\/div>\n\t\t\t\t\t<\/div>\n\t\t\t\t<\/div>\n\t\t<div class=\"elementor-element elementor-element-9c0c0ee e-flex e-con-boxed cmsmasters-block-default e-con e-parent\" data-id=\"9c0c0ee\" data-element_type=\"container\">\n\t\t\t\t\t<div class=\"e-con-inner\">\n\t\t\t\t<div class=\"elementor-element elementor-element-9eab328 elementor-widget__width-initial elementor-widget-mobile__width-inherit cmsmasters-block-default cmsmasters-sticky-default elementor-widget elementor-widget-image\" data-id=\"9eab328\" data-element_type=\"widget\" data-widget_type=\"image.default\">\n\t\t\t\t<div class=\"elementor-widget-container\">\n\t\t\t\t\t\t\t\t\t\t\t\t\t\t\t<img fetchpriority=\"high\" decoding=\"async\" width=\"1024\" height=\"1024\" src=\"https:\/\/www.pilgrim.pt\/wp-content\/uploads\/2024\/11\/minho-garden-of-eden-30x30.png\" class=\"attachment-full size-full wp-image-41982 cmsmasters_img cmsmasters-lazyload lazyload\" alt=\"\" data-sizes=\"auto\" data-src=\"https:\/\/www.pilgrim.pt\/wp-content\/uploads\/2024\/11\/minho-garden-of-eden.webp\" srcset=\"https:\/\/www.pilgrim.pt\/wp-content\/uploads\/2024\/11\/minho-garden-of-eden-30x30.png 30w, https:\/\/www.pilgrim.pt\/wp-content\/uploads\/2024\/11\/minho-garden-of-eden-300x300.png 300w, https:\/\/www.pilgrim.pt\/wp-content\/uploads\/2024\/11\/minho-garden-of-eden-150x150.png 150w, https:\/\/www.pilgrim.pt\/wp-content\/uploads\/2024\/11\/minho-garden-of-eden-768x768.png 768w, https:\/\/www.pilgrim.pt\/wp-content\/uploads\/2024\/11\/minho-garden-of-eden-260x260.png 260w, https:\/\/www.pilgrim.pt\/wp-content\/uploads\/2024\/11\/minho-garden-of-eden-600x600.png 600w, https:\/\/www.pilgrim.pt\/wp-content\/uploads\/2024\/11\/minho-garden-of-eden-100x100.png 100w, https:\/\/www.pilgrim.pt\/wp-content\/uploads\/2024\/11\/minho-garden-of-eden-10x10.png 10w, https:\/\/www.pilgrim.pt\/wp-content\/uploads\/2024\/11\/minho-garden-of-eden.png 1024w\" sizes=\"(max-width: 1024px) 100vw, 1024px\" \/>\t\t\t\t\t\t\t\t\t\t\t\t\t\t\t<\/div>\n\t\t\t\t<\/div>\n\t\t\t\t<div class=\"elementor-element elementor-element-815dda5 cmsmasters-block-default cmsmasters-sticky-default elementor-widget elementor-widget-text-editor\" data-id=\"815dda5\" data-element_type=\"widget\" data-widget_type=\"text-editor.default\">\n\t\t\t\t<div class=\"elementor-widget-container\">\n\t\t\t\t\t\t\t\t\t<h2>A cria\u00e7\u00e3o: O come\u00e7o perfeito de Deus<\/h2>\n<p>A B\u00edblia come\u00e7a com a hist\u00f3ria da cria\u00e7\u00e3o. &#8220;No princ\u00edpio, Deus criou os c\u00e9us e a terra&#8221; (G\u00e9nesis 1:1). Os crist\u00e3os acreditam que Deus \u00e9 o Criador de tudo o que existe e que Ele fez tudo bom.    <span style=\"text-align: var(--text-align); background-color: var(--cmsmasters-main-container-bg-color); color: var(--cmsmasters-colors-text); font-family: var(--cmsmasters-base-font-family); font-size: var(--cmsmasters-base-font-size); font-style: var(--cmsmasters-base-font-style); font-weight: var(--cmsmasters-base-font-weight); letter-spacing: var(--cmsmasters-base-letter-spacing); text-transform: var(--cmsmasters-base-text-transform); word-spacing: var(--cmsmasters-base-word-spacing);\">Ele formou tudo &#8211; desde as colinas ondulantes do Minho at\u00e9 \u00e0 mais pequena flor do Bom Jesus do Monte &#8211; para refletir a Sua gl\u00f3ria.  <\/span><span style=\"text-align: var(--text-align); background-color: var(--cmsmasters-main-container-bg-color); color: var(--cmsmasters-colors-text); font-family: var(--cmsmasters-base-font-family); font-size: var(--cmsmasters-base-font-size); font-style: var(--cmsmasters-base-font-style); font-weight: var(--cmsmasters-base-font-weight); letter-spacing: var(--cmsmasters-base-letter-spacing); text-transform: var(--cmsmasters-base-text-transform); word-spacing: var(--cmsmasters-base-word-spacing);\">A humanidade, no entanto, ocupa um lugar especial na cria\u00e7\u00e3o. A B\u00edblia diz-nos que Deus fez as pessoas &#8220;\u00e0 Sua imagem&#8221; (G\u00e9nesis 1:27), o que significa que fomos criados para refletir o Seu car\u00e1cter, desfrutar de uma rela\u00e7\u00e3o pessoal com Ele e administrar a Sua cria\u00e7\u00e3o de forma respons\u00e1vel. <\/span><\/p>\n<p>Nesse estado original, a humanidade vivia em harmonia com Deus, uns com os outros e com o mundo ao seu redor. N\u00e3o havia sofrimento, dor ou morte &#8211; apenas paz, prop\u00f3sito e alegria na presen\u00e7a de Deus. \u00c9 a isto que os crist\u00e3os chamam &#8220;shalom&#8221;, uma palavra hebraica que significa paz, totalidade e plenitude.  <\/p>\n\t\t\t\t\t\t\t\t<\/div>\n\t\t\t\t<\/div>\n\t\t\t\t\t<\/div>\n\t\t\t\t<\/div>\n\t\t<div class=\"elementor-element elementor-element-bdc4074 e-flex e-con-boxed cmsmasters-block-default e-con e-parent\" data-id=\"bdc4074\" data-element_type=\"container\">\n\t\t\t\t\t<div class=\"e-con-inner\">\n\t\t\t\t<div class=\"elementor-element elementor-element-a282701 elementor-widget__width-initial elementor-widget-mobile__width-inherit cmsmasters-block-default cmsmasters-sticky-default elementor-widget elementor-widget-image\" data-id=\"a282701\" data-element_type=\"widget\" data-widget_type=\"image.default\">\n\t\t\t\t<div class=\"elementor-widget-container\">\n\t\t\t\t\t\t\t\t\t\t\t\t\t\t\t<img decoding=\"async\" width=\"1792\" height=\"2688\" src=\"https:\/\/www.pilgrim.pt\/wp-content\/uploads\/2024\/11\/adam-eve-fall-30x45.png\" class=\"attachment-full size-full wp-image-41983 cmsmasters_img cmsmasters-lazyload lazyload\" alt=\"\" data-sizes=\"auto\" data-src=\"https:\/\/www.pilgrim.pt\/wp-content\/uploads\/2024\/11\/adam-eve-fall.webp\" srcset=\"https:\/\/www.pilgrim.pt\/wp-content\/uploads\/2024\/11\/adam-eve-fall-30x45.png 30w, https:\/\/www.pilgrim.pt\/wp-content\/uploads\/2024\/11\/adam-eve-fall-200x300.png 200w, https:\/\/www.pilgrim.pt\/wp-content\/uploads\/2024\/11\/adam-eve-fall-683x1024.png 683w, https:\/\/www.pilgrim.pt\/wp-content\/uploads\/2024\/11\/adam-eve-fall-768x1152.png 768w, https:\/\/www.pilgrim.pt\/wp-content\/uploads\/2024\/11\/adam-eve-fall-1024x1536.png 1024w, https:\/\/www.pilgrim.pt\/wp-content\/uploads\/2024\/11\/adam-eve-fall-1365x2048.png 1365w, https:\/\/www.pilgrim.pt\/wp-content\/uploads\/2024\/11\/adam-eve-fall-600x900.png 600w, https:\/\/www.pilgrim.pt\/wp-content\/uploads\/2024\/11\/adam-eve-fall-7x10.png 7w, https:\/\/www.pilgrim.pt\/wp-content\/uploads\/2024\/11\/adam-eve-fall.png 1792w\" sizes=\"(max-width: 1792px) 100vw, 1792px\" \/>\t\t\t\t\t\t\t\t\t\t\t\t\t\t\t<\/div>\n\t\t\t\t<\/div>\n\t\t\t\t<div class=\"elementor-element elementor-element-15023db cmsmasters-block-default cmsmasters-sticky-default elementor-widget elementor-widget-text-editor\" data-id=\"15023db\" data-element_type=\"widget\" data-widget_type=\"text-editor.default\">\n\t\t\t\t<div class=\"elementor-widget-container\">\n\t\t\t\t\t\t\t\t\t<h2>Queda: A rebeli\u00e3o da humanidade contra Deus<\/h2>\n<p>Tragicamente, esta paz foi quebrada. A humanidade, representada pelo primeiro homem e pela primeira mulher, Ad\u00e3o e Eva, optou por desobedecer \u00e0 ordem de Deus, procurando ser independente d&#8217;Ele e tentando definir o bem e o mal nos seus pr\u00f3prios termos. Este acontecimento, conhecido como a Queda, est\u00e1 registado em G\u00e9nesis 3. Atrav\u00e9s da sua desobedi\u00eancia, o pecado entrou no mundo e com ele veio o sofrimento, a morte e a separa\u00e7\u00e3o de Deus.   <\/p>\n<p>A Queda afectou toda a cria\u00e7\u00e3o. Os seres humanos, agora marcados pelo pecado, experimentam relacionamentos quebrados, culpa e vergonha. A nossa capacidade de viver em harmonia uns com os outros e com a cria\u00e7\u00e3o \u00e9 perturbada, e enfrentamos as dolorosas realidades do conflito, da doen\u00e7a e da morte. O mundo, outrora um reflexo perfeito da gl\u00f3ria de Deus, tornou-se um lugar de sofrimento e luta. Esta rutura afecta todas as partes da vida humana &#8211; os nossos pensamentos, desejos, ac\u00e7\u00f5es e at\u00e9 o mundo natural.    <\/p>\n<p>Apesar disso, Deus n\u00e3o abandonou a Sua cria\u00e7\u00e3o. Mesmo no meio do julgamento, prometeu que, um dia, a &#8220;semente da mulher&#8221; viria para esmagar o poder do mal (G\u00e9nesis 3:15). Esta \u00e9 a primeira promessa de reden\u00e7\u00e3o, uma promessa de que Deus um dia enviaria um Salvador para restaurar o que havia sido perdido.  <\/p>\n\t\t\t\t\t\t\t\t<\/div>\n\t\t\t\t<\/div>\n\t\t\t\t\t<\/div>\n\t\t\t\t<\/div>\n\t\t<div class=\"elementor-element elementor-element-9f80662 e-flex e-con-boxed cmsmasters-block-default e-con e-parent\" data-id=\"9f80662\" data-element_type=\"container\">\n\t\t\t\t\t<div class=\"e-con-inner\">\n\t\t\t\t<div class=\"elementor-element elementor-element-850d8d0 elementor-widget__width-initial elementor-widget-mobile__width-inherit cmsmasters-block-default cmsmasters-sticky-default elementor-widget elementor-widget-image\" data-id=\"850d8d0\" data-element_type=\"widget\" data-widget_type=\"image.default\">\n\t\t\t\t<div class=\"elementor-widget-container\">\n\t\t\t\t\t\t\t\t\t\t\t\t\t\t\t<img decoding=\"async\" width=\"896\" height=\"1344\" src=\"https:\/\/www.pilgrim.pt\/wp-content\/uploads\/2024\/11\/Glorification-30x45.png\" class=\"attachment-full size-full wp-image-41984 cmsmasters_img cmsmasters-lazyload lazyload\" alt=\"\" data-sizes=\"auto\" data-src=\"https:\/\/www.pilgrim.pt\/wp-content\/uploads\/2024\/11\/Glorification.webp\" srcset=\"https:\/\/www.pilgrim.pt\/wp-content\/uploads\/2024\/11\/Glorification-30x45.png 30w, https:\/\/www.pilgrim.pt\/wp-content\/uploads\/2024\/11\/Glorification-200x300.png 200w, https:\/\/www.pilgrim.pt\/wp-content\/uploads\/2024\/11\/Glorification-683x1024.png 683w, https:\/\/www.pilgrim.pt\/wp-content\/uploads\/2024\/11\/Glorification-768x1152.png 768w, https:\/\/www.pilgrim.pt\/wp-content\/uploads\/2024\/11\/Glorification-600x900.png 600w, https:\/\/www.pilgrim.pt\/wp-content\/uploads\/2024\/11\/Glorification-7x10.png 7w, https:\/\/www.pilgrim.pt\/wp-content\/uploads\/2024\/11\/Glorification.png 896w\" sizes=\"(max-width: 896px) 100vw, 896px\" \/>\t\t\t\t\t\t\t\t\t\t\t\t\t\t\t<\/div>\n\t\t\t\t<\/div>\n\t\t\t\t<div class=\"elementor-element elementor-element-8c102b2 cmsmasters-block-default cmsmasters-sticky-default elementor-widget elementor-widget-text-editor\" data-id=\"8c102b2\" data-element_type=\"widget\" data-widget_type=\"text-editor.default\">\n\t\t\t\t<div class=\"elementor-widget-container\">\n\t\t\t\t\t\t\t\t\t<h2>Reden\u00e7\u00e3o: O Plano de Deus para Salvar e Restaurar<\/h2>\n<p>Ao longo do Antigo Testamento, Deus revela o Seu plano para redimir o Seu povo. Escolhe Abra\u00e3o e os seus descendentes, o povo de Israel, atrav\u00e9s dos quais trar\u00e1 b\u00ean\u00e7\u00e3os a todas as na\u00e7\u00f5es do mundo (G\u00e9nesis 12,2-3). A hist\u00f3ria de Israel \u00e9 uma hist\u00f3ria complexa do amor da alian\u00e7a de Deus e da rebeli\u00e3o humana, mas Deus permanece fiel, chamando continuamente o Seu povo a regressar a Ele.  <\/p>\n<p>O acontecimento central do Evangelho \u00e9 a vinda de Jesus Cristo, que os crist\u00e3os acreditam ser o Salvador prometido e o cumprimento das promessas da alian\u00e7a de Deus. Jesus, plenamente Deus e plenamente humano, veio ao mundo para viver uma vida de perfeita obedi\u00eancia, livre do pecado. Ensinou sobre o reino de Deus, curou os doentes, amou os marginalizados e demonstrou a compaix\u00e3o de Deus.  <\/p>\n<p><span style=\"text-align: var(--text-align); background-color: var(--cmsmasters-main-container-bg-color); color: var(--cmsmasters-colors-text); font-family: var(--cmsmasters-base-font-family); font-size: var(--cmsmasters-base-font-size); font-style: var(--cmsmasters-base-font-style); font-weight: var(--cmsmasters-base-font-weight); letter-spacing: var(--cmsmasters-base-letter-spacing); text-transform: var(--cmsmasters-base-text-transform); word-spacing: var(--cmsmasters-base-word-spacing);\">Mas Ele fez algo ainda mais extraordin\u00e1rio. Numa cruz fora de Jerusal\u00e9m, Jesus aceitou de bom grado o castigo que os nossos pecados mereciam. Como escreve o ap\u00f3stolo Paulo, &#8220;Deus fez daquele que n\u00e3o conheceu pecado, pecado por n\u00f3s, para que nele nos torn\u00e1ssemos justi\u00e7a de Deus&#8221; (2 Cor\u00edntios 5:21).    <\/span><span style=\"text-align: var(--text-align); background-color: var(--cmsmasters-main-container-bg-color); color: var(--cmsmasters-colors-text); font-family: var(--cmsmasters-base-font-family); font-size: var(--cmsmasters-base-font-size); font-style: var(--cmsmasters-base-font-style); font-weight: var(--cmsmasters-base-font-weight); letter-spacing: var(--cmsmasters-base-letter-spacing); text-transform: var(--cmsmasters-base-text-transform); word-spacing: var(--cmsmasters-base-word-spacing);\">Jesus foi voluntariamente para a cruz, onde sofreu e morreu como sacrif\u00edcio pelos pecados do seu povo. Jesus recebeu o castigo que n\u00f3s merec\u00edamos para que pud\u00e9ssemos ser perdoados e restaurados a um relacionamento correto com Deus. <\/span><\/p>\n<p>Mas a hist\u00f3ria n\u00e3o termina com a morte de Jesus.  <span style=\"text-align: var(--text-align); background-color: var(--cmsmasters-main-container-bg-color); color: var(--cmsmasters-colors-text); font-family: var(--cmsmasters-base-font-family); font-size: var(--cmsmasters-base-font-size); font-style: var(--cmsmasters-base-font-style); font-weight: var(--cmsmasters-base-font-weight); letter-spacing: var(--cmsmasters-base-letter-spacing); text-transform: var(--cmsmasters-base-text-transform); word-spacing: var(--cmsmasters-base-word-spacing);\">A morte n\u00e3o O podia deter. Tr\u00eas dias depois, Jesus ressuscitou dos mortos, provando o Seu poder sobre o pecado e a morte e oferecendo-nos a esperan\u00e7a de uma nova vida.   <\/span><span style=\"text-align: var(--text-align); background-color: var(--cmsmasters-main-container-bg-color); color: var(--cmsmasters-colors-text); font-family: var(--cmsmasters-base-font-family); font-size: var(--cmsmasters-base-font-size); font-style: var(--cmsmasters-base-font-style); font-weight: var(--cmsmasters-base-font-weight); letter-spacing: var(--cmsmasters-base-letter-spacing); text-transform: var(--cmsmasters-base-text-transform); word-spacing: var(--cmsmasters-base-word-spacing);\">Esta ressurrei\u00e7\u00e3o \u00e9 fundamental para a f\u00e9 crist\u00e3, pois mostra que Jesus venceu a morte e que a justi\u00e7a de Deus em rela\u00e7\u00e3o aos pecados do seu povo foi plenamente satisfeita. Atrav\u00e9s da f\u00e9 n&#8217;Ele, esta satisfa\u00e7\u00e3o pode ser aplicada a n\u00f3s e podemos ter a vida eterna. <\/span><\/p>\n\t\t\t\t\t\t\t\t<\/div>\n\t\t\t\t<\/div>\n\t\t\t\t\t<\/div>\n\t\t\t\t<\/div>\n\t\t<div class=\"elementor-element elementor-element-2e8563e e-flex e-con-boxed cmsmasters-block-default e-con e-parent\" data-id=\"2e8563e\" data-element_type=\"container\">\n\t\t\t\t\t<div class=\"e-con-inner\">\n\t\t\t\t<div class=\"elementor-element elementor-element-34815ad elementor-widget__width-initial elementor-widget-mobile__width-inherit cmsmasters-block-default cmsmasters-sticky-default elementor-widget elementor-widget-image\" data-id=\"34815ad\" data-element_type=\"widget\" data-widget_type=\"image.default\">\n\t\t\t\t<div class=\"elementor-widget-container\">\n\t\t\t\t\t\t\t\t\t\t\t\t\t\t\t<img loading=\"lazy\" decoding=\"async\" width=\"1792\" height=\"2688\" src=\"https:\/\/www.pilgrim.pt\/wp-content\/uploads\/2024\/11\/new-creation-30x45.png\" class=\"attachment-full size-full wp-image-41985 cmsmasters_img cmsmasters-lazyload lazyload\" alt=\"\" data-sizes=\"auto\" data-src=\"https:\/\/www.pilgrim.pt\/wp-content\/uploads\/2024\/11\/new-creation.webp\" srcset=\"https:\/\/www.pilgrim.pt\/wp-content\/uploads\/2024\/11\/new-creation-30x45.png 30w, https:\/\/www.pilgrim.pt\/wp-content\/uploads\/2024\/11\/new-creation-200x300.png 200w, https:\/\/www.pilgrim.pt\/wp-content\/uploads\/2024\/11\/new-creation-683x1024.png 683w, https:\/\/www.pilgrim.pt\/wp-content\/uploads\/2024\/11\/new-creation-768x1152.png 768w, https:\/\/www.pilgrim.pt\/wp-content\/uploads\/2024\/11\/new-creation-1024x1536.png 1024w, https:\/\/www.pilgrim.pt\/wp-content\/uploads\/2024\/11\/new-creation-1365x2048.png 1365w, https:\/\/www.pilgrim.pt\/wp-content\/uploads\/2024\/11\/new-creation-600x900.png 600w, https:\/\/www.pilgrim.pt\/wp-content\/uploads\/2024\/11\/new-creation-7x10.png 7w, https:\/\/www.pilgrim.pt\/wp-content\/uploads\/2024\/11\/new-creation.png 1792w\" sizes=\"(max-width: 1792px) 100vw, 1792px\" \/>\t\t\t\t\t\t\t\t\t\t\t\t\t\t\t<\/div>\n\t\t\t\t<\/div>\n\t\t\t\t<div class=\"elementor-element elementor-element-0d27493 cmsmasters-block-default cmsmasters-sticky-default elementor-widget elementor-widget-text-editor\" data-id=\"0d27493\" data-element_type=\"widget\" data-widget_type=\"text-editor.default\">\n\t\t\t\t<div class=\"elementor-widget-container\">\n\t\t\t\t\t\t\t\t\t<h2>Consuma\u00e7\u00e3o: A renova\u00e7\u00e3o de todas as coisas<\/h2>\n<p>Esta n\u00e3o \u00e9 apenas uma hist\u00f3ria antiga &#8211; \u00e9 uma realidade viva que transforma vidas hoje. Pela f\u00e9 em Jesus, recebemos: <\/p>\n<ul>\n<li>Perdoa o nosso passado<\/li>\n<li>Uma nova identidade como filhos de Deus<\/li>\n<li>Objetivo para o nosso presente<\/li>\n<li>Esperan\u00e7a para o teu futuro<\/li>\n<li>O poder do Esp\u00edrito Santo para viveres de forma diferente<\/li>\n<\/ul>\n<p>A hist\u00f3ria do Evangelho tamb\u00e9m nos aponta para o futuro. Os crist\u00e3os acreditam que Jesus voltar\u00e1 um dia para completar a Sua obra de reden\u00e7\u00e3o e para julgar o mundo. Esta fase final, conhecida como a consuma\u00e7\u00e3o, \u00e9 quando Deus far\u00e1 novas todas as coisas. O livro do Apocalipse descreve uma vis\u00e3o desta cria\u00e7\u00e3o renovada, onde Deus habitar\u00e1 com o Seu povo, e n\u00e3o haver\u00e1 mais dor, sofrimento ou morte. &#8220;Enxugar\u00e1 dos seus olhos toda l\u00e1grima, e a morte n\u00e3o existir\u00e1 mais&#8221; (Apocalipse 21:4).    <\/p>\n<p>Nesta nova cria\u00e7\u00e3o, os efeitos do pecado ser\u00e3o totalmente desfeitos. A Terra ser\u00e1 restaurada \u00e0 sua beleza original e a humanidade redimida (todos aqueles que se reconciliaram com Deus atrav\u00e9s da f\u00e9 em Jesus Cristo) viver\u00e1 em perfeita harmonia com Deus, uns com os outros e com a cria\u00e7\u00e3o. A B\u00edblia chama a isto &#8220;novos c\u00e9us e nova terra&#8221; (Apocalipse 21:1), um lugar de perfeita paz e alegria na presen\u00e7a de Deus. Esta \u00e9 a derradeira esperan\u00e7a da f\u00e9 crist\u00e3: um futuro onde tudo o que est\u00e1 estragado ser\u00e1 restaurado, onde a justi\u00e7a e a retid\u00e3o reinar\u00e3o e onde viveremos na presen\u00e7a de Deus para sempre.   <\/p>\n\t\t\t\t\t\t\t\t<\/div>\n\t\t\t\t<\/div>\n\t\t\t\t\t<\/div>\n\t\t\t\t<\/div>\n\t\t<div class=\"elementor-element elementor-element-a4d9958 e-flex e-con-boxed cmsmasters-block-default e-con e-parent\" data-id=\"a4d9958\" data-element_type=\"container\">\n\t\t\t\t\t<div class=\"e-con-inner\">\n\t\t\t\t<div class=\"elementor-element elementor-element-6f2b740 elementor-widget__width-initial elementor-widget-mobile__width-inherit cmsmasters-block-default cmsmasters-sticky-default elementor-widget elementor-widget-image\" data-id=\"6f2b740\" data-element_type=\"widget\" data-widget_type=\"image.default\">\n\t\t\t\t<div class=\"elementor-widget-container\">\n\t\t\t\t\t\t\t\t\t\t\t\t\t\t\t<img loading=\"lazy\" decoding=\"async\" width=\"1792\" height=\"2688\" src=\"https:\/\/www.pilgrim.pt\/wp-content\/uploads\/2024\/11\/Invitation-30x45.png\" class=\"attachment-full size-full wp-image-41986 cmsmasters_img cmsmasters-lazyload lazyload\" alt=\"\" data-sizes=\"auto\" data-src=\"https:\/\/www.pilgrim.pt\/wp-content\/uploads\/2024\/11\/Invitation.webp\" srcset=\"https:\/\/www.pilgrim.pt\/wp-content\/uploads\/2024\/11\/Invitation-30x45.png 30w, https:\/\/www.pilgrim.pt\/wp-content\/uploads\/2024\/11\/Invitation-200x300.png 200w, https:\/\/www.pilgrim.pt\/wp-content\/uploads\/2024\/11\/Invitation-683x1024.png 683w, https:\/\/www.pilgrim.pt\/wp-content\/uploads\/2024\/11\/Invitation-768x1152.png 768w, https:\/\/www.pilgrim.pt\/wp-content\/uploads\/2024\/11\/Invitation-1024x1536.png 1024w, https:\/\/www.pilgrim.pt\/wp-content\/uploads\/2024\/11\/Invitation-1365x2048.png 1365w, https:\/\/www.pilgrim.pt\/wp-content\/uploads\/2024\/11\/Invitation-600x900.png 600w, https:\/\/www.pilgrim.pt\/wp-content\/uploads\/2024\/11\/Invitation-7x10.png 7w, https:\/\/www.pilgrim.pt\/wp-content\/uploads\/2024\/11\/Invitation.png 1792w\" sizes=\"(max-width: 1792px) 100vw, 1792px\" \/>\t\t\t\t\t\t\t\t\t\t\t\t\t\t\t<\/div>\n\t\t\t\t<\/div>\n\t\t\t\t<div class=\"elementor-element elementor-element-69fcb03 cmsmasters-block-default cmsmasters-sticky-default elementor-widget elementor-widget-text-editor\" data-id=\"69fcb03\" data-element_type=\"widget\" data-widget_type=\"text-editor.default\">\n\t\t\t\t<div class=\"elementor-widget-container\">\n\t\t\t\t\t\t\t\t\t<h2>O convite do Evangelho<\/h2>\n<p>O evangelho \u00e9, no fundo, um convite. Chama cada pessoa a afastar-se do pecado e da autossufici\u00eancia e a confiar em Jesus Cristo como Salvador e Senhor. Esse ato de f\u00e9, muitas vezes chamado de &#8220;arrependimento e f\u00e9&#8221;, \u00e9 como uma pessoa come\u00e7a uma nova vida com Deus. O pr\u00f3prio Jesus fez esse convite quando disse: &#8220;Vinde a mim, todos os que estais cansados e oprimidos, e eu vos aliviarei&#8221; (Mateus 11:28).   <\/p>\n<p>Para os crist\u00e3os, aceitar o Evangelho significa entrar numa rela\u00e7\u00e3o com Deus, marcada pelo perd\u00e3o, pela transforma\u00e7\u00e3o e pela esperan\u00e7a. Atrav\u00e9s da f\u00e9, somos unidos a Cristo e a Sua vida, morte e ressurrei\u00e7\u00e3o tornam-se o fundamento das nossas vidas. Somos perdoados, adoptados na fam\u00edlia de Deus e capacitados pelo Esp\u00edrito Santo para viver uma vida que reflecte o amor, a miseric\u00f3rdia e a justi\u00e7a de Deus.  <\/p>\n\t\t\t\t\t\t\t\t<\/div>\n\t\t\t\t<\/div>\n\t\t\t\t\t<\/div>\n\t\t\t\t<\/div>\n\t\t<div class=\"elementor-element elementor-element-6484893 e-flex e-con-boxed cmsmasters-block-default e-con e-parent\" data-id=\"6484893\" data-element_type=\"container\">\n\t\t\t\t\t<div class=\"e-con-inner\">\n\t\t\t\t<div class=\"elementor-element elementor-element-7a857ae elementor-widget-mobile__width-inherit cmsmasters-block-default cmsmasters-sticky-default elementor-widget elementor-widget-text-editor\" data-id=\"7a857ae\" data-element_type=\"widget\" data-widget_type=\"text-editor.default\">\n\t\t\t\t<div class=\"elementor-widget-container\">\n\t\t\t\t\t\t\t\t\t<h2>O Evangelho na vida quotidiana<\/h2>\n<p>O Evangelho n\u00e3o \u00e9 apenas uma mensagem sobre o que acontece depois de morrermos; tem profundas implica\u00e7\u00f5es para a vida atual. Chama-nos a viver de uma forma que reflicta o amor e a santidade de Deus, a procurar a justi\u00e7a, a amar o nosso pr\u00f3ximo e a cuidar do mundo \u00e0 nossa volta. D\u00e1-nos um objetivo, um significado e uma dire\u00e7\u00e3o, oferecendo uma vis\u00e3o da vida como ela deve ser &#8211; uma vida com Deus no centro.  <\/p>\n<p>Em resumo, o Evangelho \u00e9 a hist\u00f3ria do amor e da <a href=\"https:\/\/www.pilgrim.pt\/pt-pt\/como-ser-salvo\/\" target=\"_blank\" rel=\"noopener\">reden\u00e7\u00e3o<\/a> de Deus. Come\u00e7a com a cria\u00e7\u00e3o, \u00e9 marcado pela queda da humanidade no pecado, desdobra-se na obra redentora de Deus atrav\u00e9s de Jesus Cristo e atinge o seu cumprimento na renova\u00e7\u00e3o de todas as coisas. Esta \u00e9 a esperan\u00e7a a que os crist\u00e3os se agarram, a boa nova que somos chamados a partilhar e o fundamento de uma vida transformada pela gra\u00e7a de Deus.  <\/p>\n\t\t\t\t\t\t\t\t<\/div>\n\t\t\t\t<\/div>\n\t\t\t\t\t<\/div>\n\t\t\t\t<\/div>\n\t\t<div class=\"elementor-element elementor-element-12f6f8c e-flex e-con-boxed cmsmasters-block-default e-con e-parent\" data-id=\"12f6f8c\" data-element_type=\"container\">\n\t\t\t\t\t<div class=\"e-con-inner\">\n\t\t\t\t<div class=\"elementor-element elementor-element-3a63467 elementor-cta--skin-cover elementor-animated-content elementor-bg-transform elementor-bg-transform-zoom-in cmsmasters-block-default cmsmasters-sticky-default elementor-widget elementor-widget-call-to-action\" data-id=\"3a63467\" data-element_type=\"widget\" data-widget_type=\"call-to-action.default\">\n\t\t\t\t<div class=\"elementor-widget-container\">\n\t\t\t\t\t\t\t<div class=\"elementor-cta\">\n\t\t\t\t\t<div class=\"elementor-cta__bg-wrapper\">\n\t\t\t\t<div class=\"elementor-cta__bg elementor-bg\" style=\"background-image: url(https:\/\/www.pilgrim.pt\/wp-content\/uploads\/2024\/11\/kev-costello-w3jVXGkYZCw-unsplash-1024x683.jpg);\" role=\"img\" aria-label=\"kev-costello-w3jVXGkYZCw-unsplash\"><\/div>\n\t\t\t\t<div class=\"elementor-cta__bg-overlay\"><\/div>\n\t\t\t<\/div>\n\t\t\t\t\t\t\t<div class=\"elementor-cta__content\">\n\t\t\t\t\n\t\t\t\t\t\t\t\t\t<h2 class=\"elementor-cta__title elementor-cta__content-item elementor-content-item elementor-animated-item--grow\">\n\t\t\t\t\t\tEst\u00e1s pronto para dar o pr\u00f3ximo passo?\t\t\t\t\t<\/h2>\n\t\t\t\t\n\t\t\t\t\n\t\t\t\t\t\t\t\t\t<div class=\"elementor-cta__button-wrapper elementor-cta__content-item elementor-content-item elementor-animated-item--grow\">\n\t\t\t\t\t<a class=\"elementor-cta__button elementor-button elementor-size-\" href=\"https:\/\/www.pilgrim.pt\/pt-pt\/participa\/\">\n\t\t\t\t\t\tVem ao culto de domingo\t\t\t\t\t<\/a>\n\t\t\t\t\t<\/div>\n\t\t\t\t\t\t\t<\/div>\n\t\t\t\t\t\t<\/div>\n\t\t\t\t\t\t<\/div>\n\t\t\t\t<\/div>\n\t\t\t\t\t<\/div>\n\t\t\t\t<\/div>\n\t\t\t\t<\/div>\n\t\t","protected":false},"excerpt":{"rendered":"<p>Evangelho O Evangelho: a Boa Nova da Reden\u00e7\u00e3o e da Restaura\u00e7\u00e3o Alguma vez andaste pelas ruas antigas de Braga e te perguntaste sobre o significado mais profundo da vida? Tal&#8230;<\/p>\n","protected":false},"author":1,"featured_media":0,"parent":0,"menu_order":0,"comment_status":"closed","ping_status":"closed","template":"","meta":{"_acf_changed":false,"footnotes":""},"categories":[],"tags":[],"class_list":["post-42032","page","type-page","status-publish","hentry"],"acf":[],"_links":{"self":[{"href":"https:\/\/www.pilgrim.pt\/pt-pt\/wp-json\/wp\/v2\/pages\/42032","targetHints":{"allow":["GET"]}}],"collection":[{"href":"https:\/\/www.pilgrim.pt\/pt-pt\/wp-json\/wp\/v2\/pages"}],"about":[{"href":"https:\/\/www.pilgrim.pt\/pt-pt\/wp-json\/wp\/v2\/types\/page"}],"author":[{"embeddable":true,"href":"https:\/\/www.pilgrim.pt\/pt-pt\/wp-json\/wp\/v2\/users\/1"}],"replies":[{"embeddable":true,"href":"https:\/\/www.pilgrim.pt\/pt-pt\/wp-json\/wp\/v2\/comments?post=42032"}],"version-history":[{"count":54,"href":"https:\/\/www.pilgrim.pt\/pt-pt\/wp-json\/wp\/v2\/pages\/42032\/revisions"}],"predecessor-version":[{"id":42807,"href":"https:\/\/www.pilgrim.pt\/pt-pt\/wp-json\/wp\/v2\/pages\/42032\/revisions\/42807"}],"wp:attachment":[{"href":"https:\/\/www.pilgrim.pt\/pt-pt\/wp-json\/wp\/v2\/media?parent=42032"}],"wp:term":[{"taxonomy":"category","embeddable":true,"href":"https:\/\/www.pilgrim.pt\/pt-pt\/wp-json\/wp\/v2\/categories?post=42032"},{"taxonomy":"post_tag","embeddable":true,"href":"https:\/\/www.pilgrim.pt\/pt-pt\/wp-json\/wp\/v2\/tags?post=42032"}],"curies":[{"name":"wp","href":"https:\/\/api.w.org\/{rel}","templated":true}]}}